{"id":8594,"date":"2024-12-06T19:51:04","date_gmt":"2024-12-06T18:51:04","guid":{"rendered":"https:\/\/www.quellen-hof.de\/kulturgut-quellenhof\/?post_type=tribe_events&#038;p=8594"},"modified":"2025-02-02T21:20:06","modified_gmt":"2025-02-02T20:20:06","slug":"cafe-mehrwert-2","status":"publish","type":"tribe_events","link":"https:\/\/www.quellen-hof.de\/kulturgut-quellenhof\/quellenhof-event\/cafe-mehrwert-2\/","title":{"rendered":"Caf\u00e9 Mehrwert"},"content":{"rendered":"<p>Wissen Sie, was sich alles ge\u00e4ndert hat in unserer StVO? Jeden Tag bewegen wir uns im Stra\u00dfenverkehr, egal ob als Autofahrer, Fahrradfahrer oder Fu\u00dfg\u00e4nger. Frischen Sie Ihr Wissen auf bei unserer Verkehrsteilnehmerschulung und werden Sie somit sicherer auf der Stra\u00dfe.<\/p>\n<p><strong>Dienstag, 29. April 2025 um 14:30 Uhr<\/strong><\/p>\n<p><strong>Eintritt inklusive Kaffee und Kuchen: 5,- \u20ac<\/strong><\/p>\n","protected":false},"excerpt":{"rendered":"<p>Wissen Sie, was sich alles ge\u00e4ndert hat in unserer StVO? Jeden Tag bewegen wir uns im Stra\u00dfenverkehr, egal ob als Autofahrer, Fahrradfahrer oder Fu\u00dfg\u00e4nger. Frischen Sie Ihr Wissen auf bei [&hellip;]<\/p>\n","protected":false},"author":5,"featured_media":0,"template":"","meta":{"_tribe_events_status":"","_tribe_events_status_reason":"","footnotes":""},"tags":[],"tribe_events_cat":[],"class_list":["post-8594","tribe_events","type-tribe_events","status-publish","hentry"],"_links":{"self":[{"href":"https:\/\/www.quellen-hof.de\/kulturgut-quellenhof\/wp-json\/wp\/v2\/tribe_events\/8594","targetHints":{"allow":["GET"]}}],"collection":[{"href":"https:\/\/www.quellen-hof.de\/kulturgut-quellenhof\/wp-json\/wp\/v2\/tribe_events"}],"about":[{"href":"https:\/\/www.quellen-hof.de\/kulturgut-quellenhof\/wp-json\/wp\/v2\/types\/tribe_events"}],"author":[{"embeddable":true,"href":"https:\/\/www.quellen-hof.de\/kulturgut-quellenhof\/wp-json\/wp\/v2\/users\/5"}],"version-history":[{"count":2,"href":"https:\/\/www.quellen-hof.de\/kulturgut-quellenhof\/wp-json\/wp\/v2\/tribe_events\/8594\/revisions"}],"predecessor-version":[{"id":8695,"href":"https:\/\/www.quellen-hof.de\/kulturgut-quellenhof\/wp-json\/wp\/v2\/tribe_events\/8594\/revisions\/8695"}],"wp:attachment":[{"href":"https:\/\/www.quellen-hof.de\/kulturgut-quellenhof\/wp-json\/wp\/v2\/media?parent=8594"}],"wp:term":[{"taxonomy":"post_tag","embeddable":true,"href":"https:\/\/www.quellen-hof.de\/kulturgut-quellenhof\/wp-json\/wp\/v2\/tags?post=8594"},{"taxonomy":"tribe_events_cat","embeddable":true,"href":"https:\/\/www.quellen-hof.de\/kulturgut-quellenhof\/wp-json\/wp\/v2\/tribe_events_cat?post=8594"}],"curies":[{"name":"wp","href":"https:\/\/api.w.org\/{rel}","templated":true}]}}