{"id":8584,"date":"2024-12-06T19:46:14","date_gmt":"2024-12-06T18:46:14","guid":{"rendered":"https:\/\/www.quellen-hof.de\/kulturgut-quellenhof\/?post_type=tribe_events&#038;p=8584"},"modified":"2025-02-02T21:17:41","modified_gmt":"2025-02-02T20:17:41","slug":"landfilm-praesentiert-wunderschoen","status":"publish","type":"tribe_events","link":"https:\/\/www.quellen-hof.de\/kulturgut-quellenhof\/quellenhof-event\/landfilm-praesentiert-wunderschoen\/","title":{"rendered":"Film &#038; Sekt zum Frauentag Landfilm pr\u00e4sentiert: \u201eWundersch\u00f6n\u201c"},"content":{"rendered":"<p>Frauke hadert mit dem Alter, w\u00e4hrend ihre Tochter Julie als erfolgreiches Model mit dem Magerwahn ihrer Branche k\u00e4mpft. F\u00fcr Fraukes Schwiegertochter Sonja wird der eigene K\u00f6rper Ausdruck einer Lebenskrise; sie plant sogar, sich f\u00fcr ein Mommy Makeover unters Messer zu legen. Sonjas beste Freundin Vicky wiederum hat geschworen, sich keiner Norm zu unterwerfen, sieht als Lehrerin jedoch die katastrophalen Auswirkungen der Medien auf das K\u00f6rperbewusstsein ihrer Sch\u00fclerinnen, wie Leyla. Wolfi, Milan und Franz stehen dem Ph\u00e4nomen des idealisierten K\u00f6rperbildes gr\u00f6\u00dftenteils verst\u00e4ndnislos gegen\u00fcber &#8211; sind jedoch auch nicht vor dem Druck gesellschaftlicher Ideale gefeit. Ein ber\u00fchrender und hoch unterhaltsamer Blick auf eine ewige Frage.<\/p>\n<p>Deutschland 2022, 2h12min, FSK 6<\/p>\n<p><a href=\"https:\/\/youtu.be\/TCuhswRzQxs?feature=shared\">https:\/\/youtu.be\/TCuhswRzQxs?feature=shared<\/a><\/p>\n<p>Wir zeigen den Film in Zusammenarbeit mit dem Filmclub G\u00fcstrow e.V.<\/p>\n<p><strong>Samstag, 8. M\u00e4rz<\/strong> <strong>2025 um<\/strong> <strong>19:30 Uhr<\/strong><\/p>\n<p><strong>Eintritt 5,00 \u20ac <\/strong><\/p>\n<p><strong>jede Frau wird mit einem Glas Sekt begr\u00fc\u00dft <\/strong><\/p>\n","protected":false},"excerpt":{"rendered":"<p>Frauke hadert mit dem Alter, w\u00e4hrend ihre Tochter Julie als erfolgreiches Model mit dem Magerwahn ihrer Branche k\u00e4mpft. F\u00fcr Fraukes Schwiegertochter Sonja wird der eigene K\u00f6rper Ausdruck einer Lebenskrise; sie [&hellip;]<\/p>\n","protected":false},"author":5,"featured_media":0,"template":"","meta":{"_tribe_events_status":"","_tribe_events_status_reason":"","footnotes":""},"tags":[],"tribe_events_cat":[],"class_list":["post-8584","tribe_events","type-tribe_events","status-publish","hentry"],"_links":{"self":[{"href":"https:\/\/www.quellen-hof.de\/kulturgut-quellenhof\/wp-json\/wp\/v2\/tribe_events\/8584","targetHints":{"allow":["GET"]}}],"collection":[{"href":"https:\/\/www.quellen-hof.de\/kulturgut-quellenhof\/wp-json\/wp\/v2\/tribe_events"}],"about":[{"href":"https:\/\/www.quellen-hof.de\/kulturgut-quellenhof\/wp-json\/wp\/v2\/types\/tribe_events"}],"author":[{"embeddable":true,"href":"https:\/\/www.quellen-hof.de\/kulturgut-quellenhof\/wp-json\/wp\/v2\/users\/5"}],"version-history":[{"count":4,"href":"https:\/\/www.quellen-hof.de\/kulturgut-quellenhof\/wp-json\/wp\/v2\/tribe_events\/8584\/revisions"}],"predecessor-version":[{"id":8691,"href":"https:\/\/www.quellen-hof.de\/kulturgut-quellenhof\/wp-json\/wp\/v2\/tribe_events\/8584\/revisions\/8691"}],"wp:attachment":[{"href":"https:\/\/www.quellen-hof.de\/kulturgut-quellenhof\/wp-json\/wp\/v2\/media?parent=8584"}],"wp:term":[{"taxonomy":"post_tag","embeddable":true,"href":"https:\/\/www.quellen-hof.de\/kulturgut-quellenhof\/wp-json\/wp\/v2\/tags?post=8584"},{"taxonomy":"tribe_events_cat","embeddable":true,"href":"https:\/\/www.quellen-hof.de\/kulturgut-quellenhof\/wp-json\/wp\/v2\/tribe_events_cat?post=8584"}],"curies":[{"name":"wp","href":"https:\/\/api.w.org\/{rel}","templated":true}]}}