{"id":8582,"date":"2024-12-06T19:44:59","date_gmt":"2024-12-06T18:44:59","guid":{"rendered":"https:\/\/www.quellen-hof.de\/kulturgut-quellenhof\/?post_type=tribe_events&#038;p=8582"},"modified":"2025-02-02T21:15:24","modified_gmt":"2025-02-02T20:15:24","slug":"literatur-am-gruenen-kamin","status":"publish","type":"tribe_events","link":"https:\/\/www.quellen-hof.de\/kulturgut-quellenhof\/quellenhof-event\/literatur-am-gruenen-kamin\/","title":{"rendered":"Literatur am gr\u00fcnen Kamin"},"content":{"rendered":"<p>Haben Sie ein Buch gelesen, von dem Sie meinen, dass es so sch\u00f6n ist, dass auch andere das lesen m\u00fcssen? Dann ist das die Gelegenheit f\u00fcr Sie! Stellen Sie das Buch kurz vor und erfahren Sie, was die anderen G\u00e4ste f\u00fcr Empfehlungen haben. Bei einem Glas Wein kann man gut an unserem gr\u00fcnen Kamin dar\u00fcber ins Gespr\u00e4ch kommen.<\/p>\n<p><strong>Donnerstag, 27. Februar 2025 um 19:30 Uhr in der Bohlenstube<\/strong><\/p>\n","protected":false},"excerpt":{"rendered":"<p>Haben Sie ein Buch gelesen, von dem Sie meinen, dass es so sch\u00f6n ist, dass auch andere das lesen m\u00fcssen? Dann ist das die Gelegenheit f\u00fcr Sie! Stellen Sie das [&hellip;]<\/p>\n","protected":false},"author":5,"featured_media":0,"template":"","meta":{"_tribe_events_status":"","_tribe_events_status_reason":"","footnotes":""},"tags":[],"tribe_events_cat":[],"class_list":["post-8582","tribe_events","type-tribe_events","status-publish","hentry"],"_links":{"self":[{"href":"https:\/\/www.quellen-hof.de\/kulturgut-quellenhof\/wp-json\/wp\/v2\/tribe_events\/8582","targetHints":{"allow":["GET"]}}],"collection":[{"href":"https:\/\/www.quellen-hof.de\/kulturgut-quellenhof\/wp-json\/wp\/v2\/tribe_events"}],"about":[{"href":"https:\/\/www.quellen-hof.de\/kulturgut-quellenhof\/wp-json\/wp\/v2\/types\/tribe_events"}],"author":[{"embeddable":true,"href":"https:\/\/www.quellen-hof.de\/kulturgut-quellenhof\/wp-json\/wp\/v2\/users\/5"}],"version-history":[{"count":2,"href":"https:\/\/www.quellen-hof.de\/kulturgut-quellenhof\/wp-json\/wp\/v2\/tribe_events\/8582\/revisions"}],"predecessor-version":[{"id":8690,"href":"https:\/\/www.quellen-hof.de\/kulturgut-quellenhof\/wp-json\/wp\/v2\/tribe_events\/8582\/revisions\/8690"}],"wp:attachment":[{"href":"https:\/\/www.quellen-hof.de\/kulturgut-quellenhof\/wp-json\/wp\/v2\/media?parent=8582"}],"wp:term":[{"taxonomy":"post_tag","embeddable":true,"href":"https:\/\/www.quellen-hof.de\/kulturgut-quellenhof\/wp-json\/wp\/v2\/tags?post=8582"},{"taxonomy":"tribe_events_cat","embeddable":true,"href":"https:\/\/www.quellen-hof.de\/kulturgut-quellenhof\/wp-json\/wp\/v2\/tribe_events_cat?post=8582"}],"curies":[{"name":"wp","href":"https:\/\/api.w.org\/{rel}","templated":true}]}}