{"id":410,"date":"2019-02-09T12:55:30","date_gmt":"2019-02-09T11:55:30","guid":{"rendered":"https:\/\/www.quellen-hof.de\/?page_id=410"},"modified":"2022-12-02T08:19:14","modified_gmt":"2022-12-02T07:19:14","slug":"artist-in-residence","status":"publish","type":"page","link":"https:\/\/www.quellen-hof.de\/kulturgut-quellenhof\/artist-in-residence\/","title":{"rendered":"Artist in Residence"},"content":{"rendered":"\t\t<div data-elementor-type=\"wp-post\" data-elementor-id=\"410\" class=\"elementor elementor-410\">\n\t\t\t\t\t\t<section class=\"elementor-section elementor-top-section elementor-element elementor-element-135ea5c elementor-section-stretched elementor-section-boxed elementor-section-height-default elementor-section-height-default\" data-id=\"135ea5c\" data-element_type=\"section\" data-e-type=\"section\" data-settings=\"{&quot;stretch_section&quot;:&quot;section-stretched&quot;}\">\n\t\t\t\t\t\t<div class=\"elementor-container elementor-column-gap-default\">\n\t\t\t\t\t<div class=\"elementor-column elementor-col-100 elementor-top-column elementor-element elementor-element-ca65310\" data-id=\"ca65310\" data-element_type=\"column\" data-e-type=\"column\">\n\t\t\t<div class=\"elementor-widget-wrap elementor-element-populated\">\n\t\t\t\t\t\t<div class=\"elementor-element elementor-element-2cec35e elementor-invisible elementor-widget elementor-widget-heading\" data-id=\"2cec35e\" data-element_type=\"widget\" data-e-type=\"widget\" data-settings=\"{&quot;_animation&quot;:&quot;fadeInLeft&quot;}\" data-widget_type=\"heading.default\">\n\t\t\t\t<div class=\"elementor-widget-container\">\n\t\t\t\t\t<h2 class=\"elementor-heading-title elementor-size-default\">\u201eArtist in residence\u201c: Neues Kunstprojekt im \u201eKulturgut Quellenhof\u201c<\/h2>\t\t\t\t<\/div>\n\t\t\t\t<\/div>\n\t\t\t\t\t<\/div>\n\t\t<\/div>\n\t\t\t\t\t<\/div>\n\t\t<\/section>\n\t\t\t\t<section class=\"elementor-section elementor-top-section elementor-element elementor-element-f8b7b9b elementor-section-stretched elementor-section-boxed elementor-section-height-default elementor-section-height-default\" data-id=\"f8b7b9b\" data-element_type=\"section\" data-e-type=\"section\" data-settings=\"{&quot;stretch_section&quot;:&quot;section-stretched&quot;,&quot;shape_divider_bottom&quot;:&quot;arrow&quot;,&quot;shape_divider_bottom_negative&quot;:&quot;yes&quot;}\">\n\t\t\t\t\t<div class=\"elementor-shape elementor-shape-bottom\" aria-hidden=\"true\" data-negative=\"true\">\n\t\t\t<svg xmlns=\"http:\/\/www.w3.org\/2000\/svg\" viewBox=\"0 0 700 10\" preserveAspectRatio=\"none\">\n\t<path class=\"elementor-shape-fill\" d=\"M360 0L350 9.9 340 0 0 0 0 10 700 10 700 0\"\/>\n<\/svg>\t\t<\/div>\n\t\t\t\t\t<div class=\"elementor-container elementor-column-gap-default\">\n\t\t\t\t\t<div class=\"elementor-column elementor-col-100 elementor-top-column elementor-element elementor-element-4ece0a3\" data-id=\"4ece0a3\" data-element_type=\"column\" data-e-type=\"column\">\n\t\t\t<div class=\"elementor-widget-wrap elementor-element-populated\">\n\t\t\t\t\t\t<div class=\"elementor-element elementor-element-bc2a9e1 gallery-spacing-custom elementor-invisible elementor-widget elementor-widget-image-gallery\" data-id=\"bc2a9e1\" data-element_type=\"widget\" data-e-type=\"widget\" data-settings=\"{&quot;_animation&quot;:&quot;fadeInLeft&quot;,&quot;_animation_delay&quot;:300}\" data-widget_type=\"image-gallery.default\">\n\t\t\t\t<div class=\"elementor-widget-container\">\n\t\t\t\t\t\t\t<div class=\"elementor-image-gallery\">\n\t\t\t<div id='gallery-1' class='gallery galleryid-410 gallery-columns-5 gallery-size-medium'><figure class='gallery-item'>\n\t\t\t<div class='gallery-icon landscape'>\n\t\t\t\t<a data-elementor-open-lightbox=\"yes\" data-elementor-lightbox-slideshow=\"bc2a9e1\" data-elementor-lightbox-title=\"18_08_03_Artist in Residence_Foto Ilka Jost (1)-2\" data-e-action-hash=\"#elementor-action%3Aaction%3Dlightbox%26settings%3DeyJpZCI6NDEzLCJ1cmwiOiJodHRwczpcL1wvd3d3LnF1ZWxsZW4taG9mLmRlXC9rdWx0dXJndXQtcXVlbGxlbmhvZlwvd3AtY29udGVudFwvdXBsb2Fkc1wvMjAxOVwvMDJcLzE4XzA4XzAzX0FydGlzdC1pbi1SZXNpZGVuY2VfRm90by1JbGthLUpvc3QtMS0yLmpwZyIsInNsaWRlc2hvdyI6ImJjMmE5ZTEifQ%3D%3D\" href='https:\/\/www.quellen-hof.de\/kulturgut-quellenhof\/wp-content\/uploads\/2019\/02\/18_08_03_Artist-in-Residence_Foto-Ilka-Jost-1-2.jpg' data-lbwps-width=\"800\" data-lbwps-height=\"534\" data-lbwps-srcsmall=\"https:\/\/www.quellen-hof.de\/kulturgut-quellenhof\/wp-content\/uploads\/2019\/02\/18_08_03_Artist-in-Residence_Foto-Ilka-Jost-1-2-300x200.jpg\"><img fetchpriority=\"high\" decoding=\"async\" width=\"300\" height=\"200\" src=\"https:\/\/www.quellen-hof.de\/kulturgut-quellenhof\/wp-content\/uploads\/2019\/02\/18_08_03_Artist-in-Residence_Foto-Ilka-Jost-1-2-300x200.jpg\" class=\"attachment-medium size-medium\" alt=\"\" srcset=\"https:\/\/www.quellen-hof.de\/kulturgut-quellenhof\/wp-content\/uploads\/2019\/02\/18_08_03_Artist-in-Residence_Foto-Ilka-Jost-1-2-300x200.jpg 300w, https:\/\/www.quellen-hof.de\/kulturgut-quellenhof\/wp-content\/uploads\/2019\/02\/18_08_03_Artist-in-Residence_Foto-Ilka-Jost-1-2-768x513.jpg 768w, https:\/\/www.quellen-hof.de\/kulturgut-quellenhof\/wp-content\/uploads\/2019\/02\/18_08_03_Artist-in-Residence_Foto-Ilka-Jost-1-2.jpg 800w\" sizes=\"(max-width: 300px) 100vw, 300px\" \/><\/a>\n\t\t\t<\/div><\/figure><figure class='gallery-item'>\n\t\t\t<div class='gallery-icon landscape'>\n\t\t\t\t<a data-elementor-open-lightbox=\"yes\" data-elementor-lightbox-slideshow=\"bc2a9e1\" data-elementor-lightbox-title=\"18_08_03_Artist in Residence_Foto Ilka Jost (2)-2\" data-e-action-hash=\"#elementor-action%3Aaction%3Dlightbox%26settings%3DeyJpZCI6NDE0LCJ1cmwiOiJodHRwczpcL1wvd3d3LnF1ZWxsZW4taG9mLmRlXC9rdWx0dXJndXQtcXVlbGxlbmhvZlwvd3AtY29udGVudFwvdXBsb2Fkc1wvMjAxOVwvMDJcLzE4XzA4XzAzX0FydGlzdC1pbi1SZXNpZGVuY2VfRm90by1JbGthLUpvc3QtMi0yLTEuanBnIiwic2xpZGVzaG93IjoiYmMyYTllMSJ9\" href='https:\/\/www.quellen-hof.de\/kulturgut-quellenhof\/wp-content\/uploads\/2019\/02\/18_08_03_Artist-in-Residence_Foto-Ilka-Jost-2-2-1.jpg' data-lbwps-width=\"800\" data-lbwps-height=\"534\" data-lbwps-srcsmall=\"https:\/\/www.quellen-hof.de\/kulturgut-quellenhof\/wp-content\/uploads\/2019\/02\/18_08_03_Artist-in-Residence_Foto-Ilka-Jost-2-2-1-300x200.jpg\"><img decoding=\"async\" width=\"300\" height=\"200\" src=\"https:\/\/www.quellen-hof.de\/kulturgut-quellenhof\/wp-content\/uploads\/2019\/02\/18_08_03_Artist-in-Residence_Foto-Ilka-Jost-2-2-1-300x200.jpg\" class=\"attachment-medium size-medium\" alt=\"\" srcset=\"https:\/\/www.quellen-hof.de\/kulturgut-quellenhof\/wp-content\/uploads\/2019\/02\/18_08_03_Artist-in-Residence_Foto-Ilka-Jost-2-2-1-300x200.jpg 300w, https:\/\/www.quellen-hof.de\/kulturgut-quellenhof\/wp-content\/uploads\/2019\/02\/18_08_03_Artist-in-Residence_Foto-Ilka-Jost-2-2-1-768x513.jpg 768w, https:\/\/www.quellen-hof.de\/kulturgut-quellenhof\/wp-content\/uploads\/2019\/02\/18_08_03_Artist-in-Residence_Foto-Ilka-Jost-2-2-1.jpg 800w\" sizes=\"(max-width: 300px) 100vw, 300px\" \/><\/a>\n\t\t\t<\/div><\/figure><figure class='gallery-item'>\n\t\t\t<div class='gallery-icon landscape'>\n\t\t\t\t<a data-elementor-open-lightbox=\"yes\" data-elementor-lightbox-slideshow=\"bc2a9e1\" data-elementor-lightbox-title=\"18_08_03_Artist in Residence_Foto Ilka Jost (4)-2\" data-e-action-hash=\"#elementor-action%3Aaction%3Dlightbox%26settings%3DeyJpZCI6NDE1LCJ1cmwiOiJodHRwczpcL1wvd3d3LnF1ZWxsZW4taG9mLmRlXC9rdWx0dXJndXQtcXVlbGxlbmhvZlwvd3AtY29udGVudFwvdXBsb2Fkc1wvMjAxOVwvMDJcLzE4XzA4XzAzX0FydGlzdC1pbi1SZXNpZGVuY2VfRm90by1JbGthLUpvc3QtNC0yLmpwZyIsInNsaWRlc2hvdyI6ImJjMmE5ZTEifQ%3D%3D\" href='https:\/\/www.quellen-hof.de\/kulturgut-quellenhof\/wp-content\/uploads\/2019\/02\/18_08_03_Artist-in-Residence_Foto-Ilka-Jost-4-2.jpg' data-lbwps-width=\"800\" data-lbwps-height=\"534\" data-lbwps-srcsmall=\"https:\/\/www.quellen-hof.de\/kulturgut-quellenhof\/wp-content\/uploads\/2019\/02\/18_08_03_Artist-in-Residence_Foto-Ilka-Jost-4-2-300x200.jpg\"><img decoding=\"async\" width=\"300\" height=\"200\" src=\"https:\/\/www.quellen-hof.de\/kulturgut-quellenhof\/wp-content\/uploads\/2019\/02\/18_08_03_Artist-in-Residence_Foto-Ilka-Jost-4-2-300x200.jpg\" class=\"attachment-medium size-medium\" alt=\"\" srcset=\"https:\/\/www.quellen-hof.de\/kulturgut-quellenhof\/wp-content\/uploads\/2019\/02\/18_08_03_Artist-in-Residence_Foto-Ilka-Jost-4-2-300x200.jpg 300w, https:\/\/www.quellen-hof.de\/kulturgut-quellenhof\/wp-content\/uploads\/2019\/02\/18_08_03_Artist-in-Residence_Foto-Ilka-Jost-4-2-768x513.jpg 768w, https:\/\/www.quellen-hof.de\/kulturgut-quellenhof\/wp-content\/uploads\/2019\/02\/18_08_03_Artist-in-Residence_Foto-Ilka-Jost-4-2.jpg 800w\" sizes=\"(max-width: 300px) 100vw, 300px\" \/><\/a>\n\t\t\t<\/div><\/figure><figure class='gallery-item'>\n\t\t\t<div class='gallery-icon landscape'>\n\t\t\t\t<a data-elementor-open-lightbox=\"yes\" data-elementor-lightbox-slideshow=\"bc2a9e1\" data-elementor-lightbox-title=\"18_08_03_Artist in Residence_Foto Ilka Jost (5)-2\" data-e-action-hash=\"#elementor-action%3Aaction%3Dlightbox%26settings%3DeyJpZCI6NDE2LCJ1cmwiOiJodHRwczpcL1wvd3d3LnF1ZWxsZW4taG9mLmRlXC9rdWx0dXJndXQtcXVlbGxlbmhvZlwvd3AtY29udGVudFwvdXBsb2Fkc1wvMjAxOVwvMDJcLzE4XzA4XzAzX0FydGlzdC1pbi1SZXNpZGVuY2VfRm90by1JbGthLUpvc3QtNS0yLmpwZyIsInNsaWRlc2hvdyI6ImJjMmE5ZTEifQ%3D%3D\" href='https:\/\/www.quellen-hof.de\/kulturgut-quellenhof\/wp-content\/uploads\/2019\/02\/18_08_03_Artist-in-Residence_Foto-Ilka-Jost-5-2.jpg' data-lbwps-width=\"800\" data-lbwps-height=\"534\" data-lbwps-srcsmall=\"https:\/\/www.quellen-hof.de\/kulturgut-quellenhof\/wp-content\/uploads\/2019\/02\/18_08_03_Artist-in-Residence_Foto-Ilka-Jost-5-2-300x200.jpg\"><img loading=\"lazy\" decoding=\"async\" width=\"300\" height=\"200\" src=\"https:\/\/www.quellen-hof.de\/kulturgut-quellenhof\/wp-content\/uploads\/2019\/02\/18_08_03_Artist-in-Residence_Foto-Ilka-Jost-5-2-300x200.jpg\" class=\"attachment-medium size-medium\" alt=\"\" srcset=\"https:\/\/www.quellen-hof.de\/kulturgut-quellenhof\/wp-content\/uploads\/2019\/02\/18_08_03_Artist-in-Residence_Foto-Ilka-Jost-5-2-300x200.jpg 300w, https:\/\/www.quellen-hof.de\/kulturgut-quellenhof\/wp-content\/uploads\/2019\/02\/18_08_03_Artist-in-Residence_Foto-Ilka-Jost-5-2-768x513.jpg 768w, https:\/\/www.quellen-hof.de\/kulturgut-quellenhof\/wp-content\/uploads\/2019\/02\/18_08_03_Artist-in-Residence_Foto-Ilka-Jost-5-2.jpg 800w\" sizes=\"(max-width: 300px) 100vw, 300px\" \/><\/a>\n\t\t\t<\/div><\/figure><figure class='gallery-item'>\n\t\t\t<div class='gallery-icon landscape'>\n\t\t\t\t<a data-elementor-open-lightbox=\"yes\" data-elementor-lightbox-slideshow=\"bc2a9e1\" data-elementor-lightbox-title=\"18_08_03_Artist in Residence_Foto Ilka Jost (6)-2\" data-e-action-hash=\"#elementor-action%3Aaction%3Dlightbox%26settings%3DeyJpZCI6NDE3LCJ1cmwiOiJodHRwczpcL1wvd3d3LnF1ZWxsZW4taG9mLmRlXC9rdWx0dXJndXQtcXVlbGxlbmhvZlwvd3AtY29udGVudFwvdXBsb2Fkc1wvMjAxOVwvMDJcLzE4XzA4XzAzX0FydGlzdC1pbi1SZXNpZGVuY2VfRm90by1JbGthLUpvc3QtNi0yLmpwZyIsInNsaWRlc2hvdyI6ImJjMmE5ZTEifQ%3D%3D\" href='https:\/\/www.quellen-hof.de\/kulturgut-quellenhof\/wp-content\/uploads\/2019\/02\/18_08_03_Artist-in-Residence_Foto-Ilka-Jost-6-2.jpg' data-lbwps-width=\"800\" data-lbwps-height=\"534\" data-lbwps-srcsmall=\"https:\/\/www.quellen-hof.de\/kulturgut-quellenhof\/wp-content\/uploads\/2019\/02\/18_08_03_Artist-in-Residence_Foto-Ilka-Jost-6-2-300x200.jpg\"><img loading=\"lazy\" decoding=\"async\" width=\"300\" height=\"200\" src=\"https:\/\/www.quellen-hof.de\/kulturgut-quellenhof\/wp-content\/uploads\/2019\/02\/18_08_03_Artist-in-Residence_Foto-Ilka-Jost-6-2-300x200.jpg\" class=\"attachment-medium size-medium\" alt=\"\" srcset=\"https:\/\/www.quellen-hof.de\/kulturgut-quellenhof\/wp-content\/uploads\/2019\/02\/18_08_03_Artist-in-Residence_Foto-Ilka-Jost-6-2-300x200.jpg 300w, https:\/\/www.quellen-hof.de\/kulturgut-quellenhof\/wp-content\/uploads\/2019\/02\/18_08_03_Artist-in-Residence_Foto-Ilka-Jost-6-2-768x513.jpg 768w, https:\/\/www.quellen-hof.de\/kulturgut-quellenhof\/wp-content\/uploads\/2019\/02\/18_08_03_Artist-in-Residence_Foto-Ilka-Jost-6-2.jpg 800w\" sizes=\"(max-width: 300px) 100vw, 300px\" \/><\/a>\n\t\t\t<\/div><\/figure>\n\t\t<\/div>\n\t\t<\/div>\n\t\t\t\t\t\t<\/div>\n\t\t\t\t<\/div>\n\t\t\t\t\t<\/div>\n\t\t<\/div>\n\t\t\t\t\t<\/div>\n\t\t<\/section>\n\t\t\t\t<section class=\"elementor-section elementor-top-section elementor-element elementor-element-4a11b49 elementor-section-boxed elementor-section-height-default elementor-section-height-default elementor-invisible\" data-id=\"4a11b49\" data-element_type=\"section\" data-e-type=\"section\" data-settings=\"{&quot;animation&quot;:&quot;fadeInLeft&quot;}\">\n\t\t\t\t\t\t<div class=\"elementor-container elementor-column-gap-default\">\n\t\t\t\t\t<div class=\"elementor-column elementor-col-100 elementor-top-column elementor-element elementor-element-2e54fbd\" data-id=\"2e54fbd\" data-element_type=\"column\" data-e-type=\"column\">\n\t\t\t<div class=\"elementor-widget-wrap elementor-element-populated\">\n\t\t\t\t\t\t<div class=\"elementor-element elementor-element-a6a6a58 elementor-widget elementor-widget-heading\" data-id=\"a6a6a58\" data-element_type=\"widget\" data-e-type=\"widget\" data-widget_type=\"heading.default\">\n\t\t\t\t<div class=\"elementor-widget-container\">\n\t\t\t\t\t<h4 class=\"elementor-heading-title elementor-size-default\">Artist in Residence \u2013 Druckwerkstatt Garbisdorf<\/h4>\t\t\t\t<\/div>\n\t\t\t\t<\/div>\n\t\t\t\t\t<\/div>\n\t\t<\/div>\n\t\t\t\t\t<\/div>\n\t\t<\/section>\n\t\t\t\t<section class=\"elementor-section elementor-top-section elementor-element elementor-element-e39e4ef elementor-section-boxed elementor-section-height-default elementor-section-height-default elementor-invisible\" data-id=\"e39e4ef\" data-element_type=\"section\" data-e-type=\"section\" data-settings=\"{&quot;animation&quot;:&quot;fadeInUp&quot;}\">\n\t\t\t\t\t\t<div class=\"elementor-container elementor-column-gap-default\">\n\t\t\t\t\t<div class=\"elementor-column elementor-col-100 elementor-top-column elementor-element elementor-element-7b136f4\" data-id=\"7b136f4\" data-element_type=\"column\" data-e-type=\"column\">\n\t\t\t<div class=\"elementor-widget-wrap elementor-element-populated\">\n\t\t\t\t\t\t<div class=\"elementor-element elementor-element-70a629d elementor-drop-cap-yes elementor-drop-cap-view-default elementor-widget elementor-widget-text-editor\" data-id=\"70a629d\" data-element_type=\"widget\" data-e-type=\"widget\" data-settings=\"{&quot;drop_cap&quot;:&quot;yes&quot;}\" data-widget_type=\"text-editor.default\">\n\t\t\t\t<div class=\"elementor-widget-container\">\n\t\t\t\t\t\t\t\t\t<p>Seit \u00fcber 30 Jahren betreibt der Heimatverein G\u00f6pfersdorf im Ortsteil Garbisdorf in Ostth\u00fcringen eine Galerie in der bereits mehr als 150 Ausstellungen mit Malerei und Grafik stattgefunden haben.<\/p><p>Als besondere Intention gilt uns die F\u00f6rderung und W\u00fcrdigung der Druckgrafik. Aus diesem Grunde vergeben wir seit 2018 ein Stipendium, bei dem K\u00fcnstler in unserer Druckwerkstatt f\u00fcr Hoch- und Tiefdruck vier Wochen arbeiten, sich ausprobieren und experimentieren k\u00f6nnen. Eine Pr\u00e4sentation des Werks, das w\u00e4hrend des Stipendiums entstanden ist, schlie\u00dft den Aufenthalt ab.<\/p><p>Das Stipendium wird an K\u00fcnstler*innen vergeben, deren k\u00fcnstlerisches Schaffen im Mittelpunkt seiner\/ihrer T\u00e4tigkeit steht.<\/p><p>Es sieht vor, dass der\/die K\u00fcnstler*in w\u00e4hrend des Stipendiums vor Ort arbeitet und wirkt.<\/p><p>Es beinhaltet die \u00dcbernachtungskosten in einer Pension vor Ort, eine Reisekostenpauschale von 400 \u20ac sowie einen Materialkostenzuschuss von 500 \u20ac. \u00dcber die Vergabe entscheidet eine Jury.<\/p><p>Weitere Information erhalten Sie von Sabine M\u00fcller: <a href=\"mailto:k.u.s.mueller@t-online.de\">k.u.s.mueller@t-online.de<\/a>.<\/p><p><strong>Bewerbungen k\u00f6nnen Sie an folgende Anschrift schicken:<\/strong><\/p><p>Sabine M\u00fcller, Kreuzstr. 14, 04600 Altenburg<\/p><p>Email: <a href=\"mailto:k.u.s.mueller@t-online.de\">k.u.s.mueller@t-online.de<\/a><\/p><p>Residenzzeitraum: Juli-August,<\/p><p>Bewerbungsunterlagen: Abbildungen ihres bisherigen k\u00fcnstlerischen Schaffens bzw. benennen einer aussagekr\u00e4ftigen, eigenen Internetseite.<\/p><p>Wir freuen uns \u00fcber ihre Bewerbung.<\/p>\t\t\t\t\t\t\t\t<\/div>\n\t\t\t\t<\/div>\n\t\t\t\t\t<\/div>\n\t\t<\/div>\n\t\t\t\t\t<\/div>\n\t\t<\/section>\n\t\t\t\t<section class=\"elementor-section elementor-top-section elementor-element elementor-element-91e4c87 elementor-section-boxed elementor-section-height-default elementor-section-height-default\" data-id=\"91e4c87\" data-element_type=\"section\" data-e-type=\"section\">\n\t\t\t\t\t\t<div class=\"elementor-container elementor-column-gap-default\">\n\t\t\t\t\t<div class=\"elementor-column elementor-col-100 elementor-top-column elementor-element elementor-element-82440cd\" data-id=\"82440cd\" data-element_type=\"column\" data-e-type=\"column\">\n\t\t\t<div class=\"elementor-widget-wrap elementor-element-populated\">\n\t\t\t\t\t\t<div class=\"elementor-element elementor-element-10e789e elementor-widget elementor-widget-heading\" data-id=\"10e789e\" data-element_type=\"widget\" data-e-type=\"widget\" data-widget_type=\"heading.default\">\n\t\t\t\t<div class=\"elementor-widget-container\">\n\t\t\t\t\t<h2 class=\"elementor-heading-title elementor-size-default\">Das 5. Stipendium 2022 des Artist-in-Residence-Programms ging an die K\u00fcnstlerin&nbsp;Julia Ludwig.&nbsp;<\/h2>\t\t\t\t<\/div>\n\t\t\t\t<\/div>\n\t\t\t\t\t<\/div>\n\t\t<\/div>\n\t\t\t\t\t<\/div>\n\t\t<\/section>\n\t\t\t\t<section class=\"elementor-section elementor-top-section elementor-element elementor-element-4b96730 elementor-section-boxed elementor-section-height-default elementor-section-height-default\" data-id=\"4b96730\" data-element_type=\"section\" data-e-type=\"section\">\n\t\t\t\t\t\t<div class=\"elementor-container elementor-column-gap-default\">\n\t\t\t\t\t<div class=\"elementor-column elementor-col-100 elementor-top-column elementor-element elementor-element-c1deef1\" data-id=\"c1deef1\" data-element_type=\"column\" data-e-type=\"column\">\n\t\t\t<div class=\"elementor-widget-wrap elementor-element-populated\">\n\t\t\t\t\t\t<div class=\"elementor-element elementor-element-69ebc87 elementor-widget elementor-widget-text-editor\" data-id=\"69ebc87\" data-element_type=\"widget\" data-e-type=\"widget\" data-widget_type=\"text-editor.default\">\n\t\t\t\t<div class=\"elementor-widget-container\">\n\t\t\t\t\t\t\t\t\t<p>Sie hat an der Kunsthochschule Burg Giebichenstein in Halle Bildende Kunst studiert und als Meistersch\u00fclerin 2011 abgeschlossen.<\/p><p>Im August 2022 fertigte die Artistin in der Druckwerkstatt Druckgrafiken in der Technik der Aquatinta und im Mezzotinto an.<\/p><p>Hier die Impressionen der Pr\u00e4sentation der Arbeiten:<\/p>\t\t\t\t\t\t\t\t<\/div>\n\t\t\t\t<\/div>\n\t\t\t\t\t<\/div>\n\t\t<\/div>\n\t\t\t\t\t<\/div>\n\t\t<\/section>\n\t\t\t\t<section class=\"elementor-section elementor-top-section elementor-element elementor-element-ba57bc4 elementor-section-boxed elementor-section-height-default elementor-section-height-default\" data-id=\"ba57bc4\" data-element_type=\"section\" data-e-type=\"section\">\n\t\t\t\t\t\t<div class=\"elementor-container elementor-column-gap-default\">\n\t\t\t\t\t<div class=\"elementor-column elementor-col-100 elementor-top-column elementor-element elementor-element-03e435a\" data-id=\"03e435a\" data-element_type=\"column\" data-e-type=\"column\">\n\t\t\t<div class=\"elementor-widget-wrap elementor-element-populated\">\n\t\t\t\t\t\t<div class=\"elementor-element elementor-element-ad03595 gallery-spacing-custom elementor-widget elementor-widget-image-gallery\" data-id=\"ad03595\" data-element_type=\"widget\" data-e-type=\"widget\" data-widget_type=\"image-gallery.default\">\n\t\t\t\t<div class=\"elementor-widget-container\">\n\t\t\t\t\t\t\t<div class=\"elementor-image-gallery\">\n\t\t\t<div id='gallery-2' class='gallery galleryid-410 gallery-columns-4 gallery-size-thumbnail'><figure class='gallery-item'>\n\t\t\t<div class='gallery-icon portrait'>\n\t\t\t\t<a data-elementor-open-lightbox=\"yes\" data-elementor-lightbox-slideshow=\"ad03595\" data-elementor-lightbox-title=\"image0\" data-e-action-hash=\"#elementor-action%3Aaction%3Dlightbox%26settings%3DeyJpZCI6NzI4MCwidXJsIjoiaHR0cHM6XC9cL3d3dy5xdWVsbGVuLWhvZi5kZVwva3VsdHVyZ3V0LXF1ZWxsZW5ob2ZcL3dwLWNvbnRlbnRcL3VwbG9hZHNcLzIwMjJcLzEwXC9pbWFnZTAtc2NhbGVkLmpwZWciLCJzbGlkZXNob3ciOiJhZDAzNTk1In0%3D\" href='https:\/\/www.quellen-hof.de\/kulturgut-quellenhof\/wp-content\/uploads\/2022\/10\/image0.jpeg' data-lbwps-width=\"2250\" data-lbwps-height=\"4000\" data-lbwps-srcsmall=\"https:\/\/www.quellen-hof.de\/kulturgut-quellenhof\/wp-content\/uploads\/2022\/10\/image0-169x300.jpeg\"><img loading=\"lazy\" decoding=\"async\" width=\"150\" height=\"150\" src=\"https:\/\/www.quellen-hof.de\/kulturgut-quellenhof\/wp-content\/uploads\/2022\/10\/image0-150x150.jpeg\" class=\"attachment-thumbnail size-thumbnail\" alt=\"\" \/><\/a>\n\t\t\t<\/div><\/figure><figure class='gallery-item'>\n\t\t\t<div class='gallery-icon landscape'>\n\t\t\t\t<a data-elementor-open-lightbox=\"yes\" data-elementor-lightbox-slideshow=\"ad03595\" data-elementor-lightbox-title=\"image1\" data-e-action-hash=\"#elementor-action%3Aaction%3Dlightbox%26settings%3DeyJpZCI6NzI4MSwidXJsIjoiaHR0cHM6XC9cL3d3dy5xdWVsbGVuLWhvZi5kZVwva3VsdHVyZ3V0LXF1ZWxsZW5ob2ZcL3dwLWNvbnRlbnRcL3VwbG9hZHNcLzIwMjJcLzEwXC9pbWFnZTEtc2NhbGVkLmpwZWciLCJzbGlkZXNob3ciOiJhZDAzNTk1In0%3D\" href='https:\/\/www.quellen-hof.de\/kulturgut-quellenhof\/wp-content\/uploads\/2022\/10\/image1.jpeg' data-lbwps-width=\"3855\" data-lbwps-height=\"2298\" data-lbwps-srcsmall=\"https:\/\/www.quellen-hof.de\/kulturgut-quellenhof\/wp-content\/uploads\/2022\/10\/image1-300x179.jpeg\"><img loading=\"lazy\" decoding=\"async\" width=\"150\" height=\"150\" src=\"https:\/\/www.quellen-hof.de\/kulturgut-quellenhof\/wp-content\/uploads\/2022\/10\/image1-150x150.jpeg\" class=\"attachment-thumbnail size-thumbnail\" alt=\"\" \/><\/a>\n\t\t\t<\/div><\/figure><figure class='gallery-item'>\n\t\t\t<div class='gallery-icon landscape'>\n\t\t\t\t<a data-elementor-open-lightbox=\"yes\" data-elementor-lightbox-slideshow=\"ad03595\" data-elementor-lightbox-title=\"image2\" data-e-action-hash=\"#elementor-action%3Aaction%3Dlightbox%26settings%3DeyJpZCI6NzI4MiwidXJsIjoiaHR0cHM6XC9cL3d3dy5xdWVsbGVuLWhvZi5kZVwva3VsdHVyZ3V0LXF1ZWxsZW5ob2ZcL3dwLWNvbnRlbnRcL3VwbG9hZHNcLzIwMjJcLzEwXC9pbWFnZTItc2NhbGVkLmpwZWciLCJzbGlkZXNob3ciOiJhZDAzNTk1In0%3D\" href='https:\/\/www.quellen-hof.de\/kulturgut-quellenhof\/wp-content\/uploads\/2022\/10\/image2.jpeg' data-lbwps-width=\"4030\" data-lbwps-height=\"2376\" data-lbwps-srcsmall=\"https:\/\/www.quellen-hof.de\/kulturgut-quellenhof\/wp-content\/uploads\/2022\/10\/image2-300x177.jpeg\"><img loading=\"lazy\" decoding=\"async\" width=\"150\" height=\"150\" src=\"https:\/\/www.quellen-hof.de\/kulturgut-quellenhof\/wp-content\/uploads\/2022\/10\/image2-150x150.jpeg\" class=\"attachment-thumbnail size-thumbnail\" alt=\"\" \/><\/a>\n\t\t\t<\/div><\/figure><figure class='gallery-item'>\n\t\t\t<div class='gallery-icon landscape'>\n\t\t\t\t<a data-elementor-open-lightbox=\"yes\" data-elementor-lightbox-slideshow=\"ad03595\" data-elementor-lightbox-title=\"image3\" data-e-action-hash=\"#elementor-action%3Aaction%3Dlightbox%26settings%3DeyJpZCI6NzI4MywidXJsIjoiaHR0cHM6XC9cL3d3dy5xdWVsbGVuLWhvZi5kZVwva3VsdHVyZ3V0LXF1ZWxsZW5ob2ZcL3dwLWNvbnRlbnRcL3VwbG9hZHNcLzIwMjJcLzEwXC9pbWFnZTMtc2NhbGVkLmpwZWciLCJzbGlkZXNob3ciOiJhZDAzNTk1In0%3D\" href='https:\/\/www.quellen-hof.de\/kulturgut-quellenhof\/wp-content\/uploads\/2022\/10\/image3.jpeg' data-lbwps-width=\"4430\" data-lbwps-height=\"2186\" data-lbwps-srcsmall=\"https:\/\/www.quellen-hof.de\/kulturgut-quellenhof\/wp-content\/uploads\/2022\/10\/image3-300x148.jpeg\"><img loading=\"lazy\" decoding=\"async\" width=\"150\" height=\"150\" src=\"https:\/\/www.quellen-hof.de\/kulturgut-quellenhof\/wp-content\/uploads\/2022\/10\/image3-150x150.jpeg\" class=\"attachment-thumbnail size-thumbnail\" alt=\"\" \/><\/a>\n\t\t\t<\/div><\/figure><figure class='gallery-item'>\n\t\t\t<div class='gallery-icon portrait'>\n\t\t\t\t<a data-elementor-open-lightbox=\"yes\" data-elementor-lightbox-slideshow=\"ad03595\" data-elementor-lightbox-title=\"image4\" data-e-action-hash=\"#elementor-action%3Aaction%3Dlightbox%26settings%3DeyJpZCI6NzI4NCwidXJsIjoiaHR0cHM6XC9cL3d3dy5xdWVsbGVuLWhvZi5kZVwva3VsdHVyZ3V0LXF1ZWxsZW5ob2ZcL3dwLWNvbnRlbnRcL3VwbG9hZHNcLzIwMjJcLzEwXC9pbWFnZTQtc2NhbGVkLmpwZWciLCJzbGlkZXNob3ciOiJhZDAzNTk1In0%3D\" href='https:\/\/www.quellen-hof.de\/kulturgut-quellenhof\/wp-content\/uploads\/2022\/10\/image4.jpeg' data-lbwps-width=\"2215\" data-lbwps-height=\"3416\" data-lbwps-srcsmall=\"https:\/\/www.quellen-hof.de\/kulturgut-quellenhof\/wp-content\/uploads\/2022\/10\/image4-195x300.jpeg\"><img loading=\"lazy\" decoding=\"async\" width=\"150\" height=\"150\" src=\"https:\/\/www.quellen-hof.de\/kulturgut-quellenhof\/wp-content\/uploads\/2022\/10\/image4-150x150.jpeg\" class=\"attachment-thumbnail size-thumbnail\" alt=\"\" \/><\/a>\n\t\t\t<\/div><\/figure>\n\t\t<\/div>\n\t\t<\/div>\n\t\t\t\t\t\t<\/div>\n\t\t\t\t<\/div>\n\t\t\t\t\t<\/div>\n\t\t<\/div>\n\t\t\t\t\t<\/div>\n\t\t<\/section>\n\t\t\t\t<section class=\"elementor-section elementor-top-section elementor-element elementor-element-f9702bf elementor-section-boxed elementor-section-height-default elementor-section-height-default\" data-id=\"f9702bf\" data-element_type=\"section\" data-e-type=\"section\">\n\t\t\t\t\t\t<div class=\"elementor-container elementor-column-gap-default\">\n\t\t\t\t\t<div class=\"elementor-column elementor-col-100 elementor-top-column elementor-element elementor-element-b1fba71\" data-id=\"b1fba71\" data-element_type=\"column\" data-e-type=\"column\">\n\t\t\t<div class=\"elementor-widget-wrap elementor-element-populated\">\n\t\t\t\t\t\t<div class=\"elementor-element elementor-element-99b658a elementor-widget-divider--view-line elementor-widget elementor-widget-divider\" data-id=\"99b658a\" data-element_type=\"widget\" data-e-type=\"widget\" data-widget_type=\"divider.default\">\n\t\t\t\t<div class=\"elementor-widget-container\">\n\t\t\t\t\t\t\t<div class=\"elementor-divider\">\n\t\t\t<span class=\"elementor-divider-separator\">\n\t\t\t\t\t\t<\/span>\n\t\t<\/div>\n\t\t\t\t\t\t<\/div>\n\t\t\t\t<\/div>\n\t\t\t\t\t<\/div>\n\t\t<\/div>\n\t\t\t\t\t<\/div>\n\t\t<\/section>\n\t\t\t\t<section class=\"elementor-section elementor-top-section elementor-element elementor-element-ce809a9 elementor-section-boxed elementor-section-height-default elementor-section-height-default\" data-id=\"ce809a9\" data-element_type=\"section\" data-e-type=\"section\">\n\t\t\t\t\t\t<div class=\"elementor-container elementor-column-gap-default\">\n\t\t\t\t\t<div class=\"elementor-column elementor-col-100 elementor-top-column elementor-element elementor-element-ae96810\" data-id=\"ae96810\" data-element_type=\"column\" data-e-type=\"column\">\n\t\t\t<div class=\"elementor-widget-wrap elementor-element-populated\">\n\t\t\t\t\t\t<div class=\"elementor-element elementor-element-84ea89c elementor-widget elementor-widget-heading\" data-id=\"84ea89c\" data-element_type=\"widget\" data-e-type=\"widget\" data-widget_type=\"heading.default\">\n\t\t\t\t<div class=\"elementor-widget-container\">\n\t\t\t\t\t<h2 class=\"elementor-heading-title elementor-size-default\">2021 Stipendium erhielt Kai Spade <\/h2>\t\t\t\t<\/div>\n\t\t\t\t<\/div>\n\t\t\t\t\t<\/div>\n\t\t<\/div>\n\t\t\t\t\t<\/div>\n\t\t<\/section>\n\t\t\t\t<section class=\"elementor-section elementor-top-section elementor-element elementor-element-dcb3107 elementor-section-boxed elementor-section-height-default elementor-section-height-default\" data-id=\"dcb3107\" data-element_type=\"section\" data-e-type=\"section\">\n\t\t\t\t\t\t<div class=\"elementor-container elementor-column-gap-default\">\n\t\t\t\t\t<div class=\"elementor-column elementor-col-100 elementor-top-column elementor-element elementor-element-3fb8d98\" data-id=\"3fb8d98\" data-element_type=\"column\" data-e-type=\"column\">\n\t\t\t<div class=\"elementor-widget-wrap elementor-element-populated\">\n\t\t\t\t\t\t<div class=\"elementor-element elementor-element-018b79c elementor-widget elementor-widget-text-editor\" data-id=\"018b79c\" data-element_type=\"widget\" data-e-type=\"widget\" data-widget_type=\"text-editor.default\">\n\t\t\t\t<div class=\"elementor-widget-container\">\n\t\t\t\t\t\t\t\t\t<p>\u201eDer Heimatverein Quellenhof Garbisdorf vergibt seit 2018 ein Stipendium, bei dem K\u00fcnstler in der Druckwerkstatt vier Wochen arbeiten k\u00f6nnen.<br \/>Das 4. Artist in Residence Stipendium erhielt Kai Spade aus Leipzig. Einen Monat lang, im Juli 2021, verweilte der K\u00fcnstler im Quellenhof Garbisdorf. Hier konnte er in der Druckwerkstatt Ideen entwickeln und drucken.<br \/>Der K\u00fcnstler studierte an der Hochschule f\u00fcr Bildende K\u00fcnste Braunschweig von 2002 &#8211; 2008 Grafik, Zeichnung und Bildhauerei bei Prof. Friedemann von Stockhausen und Prof. Johannes Brus. Ab 2009 lebt und arbeitet Kai Spade in Leipzig.<br \/>In Symposien und Arbeitsaufenthalten u. a. in Bentlage und Hohenossig intensivierte er seine Technik in der Druckgrafik.<br \/>Zur letzten, der 36. Leipziger Grafikb\u00f6rse zum Thema \u201eHortus Secretus\u201c, der geheime Garten erhielt unser K\u00fcnstler den F\u00f6rderpreis f\u00fcr Druckgrafik.<br \/><br \/>Kai Spade pr\u00e4sentierte am Freitag\u00a0den, 30.07.2021 vor geladenen G\u00e4sten und Sponsoren die entstandenen Arbeiten.<br \/>Hierbei handelt es sich um gro\u00dfe Aquatintadruckgrafiken. Die einzelnen Titel der Arbeiten f\u00fchren in die eine oder andere Richtung, der Betrachter kann seine eigene Geschichte weiter denken. Auch gesellschaftskritische Aspekte bezieht der K\u00fcnstler in seine Ideenwelt ein.<br \/>Kai Spade erkl\u00e4rte den Entstehungsprozess seiner Drucke inklusive der Arbeit mit den neu gebauten Staubkasten. Die G\u00e4ste waren begeistert \u00fcber die Aquatintadrucktechnik zu erfahren. In entspannter Runde erz\u00e4hlte uns der K\u00fcnstler seine Ideenfindung.\u201c<\/p>\t\t\t\t\t\t\t\t<\/div>\n\t\t\t\t<\/div>\n\t\t\t\t\t<\/div>\n\t\t<\/div>\n\t\t\t\t\t<\/div>\n\t\t<\/section>\n\t\t\t\t<section class=\"elementor-section elementor-top-section elementor-element elementor-element-756a269 elementor-section-boxed elementor-section-height-default elementor-section-height-default\" data-id=\"756a269\" data-element_type=\"section\" data-e-type=\"section\">\n\t\t\t\t\t\t<div class=\"elementor-container elementor-column-gap-default\">\n\t\t\t\t\t<div class=\"elementor-column elementor-col-100 elementor-top-column elementor-element elementor-element-77ab760\" data-id=\"77ab760\" data-element_type=\"column\" data-e-type=\"column\">\n\t\t\t<div class=\"elementor-widget-wrap elementor-element-populated\">\n\t\t\t\t\t\t<div class=\"elementor-element elementor-element-44910e8 elementor-widget elementor-widget-image-gallery\" data-id=\"44910e8\" data-element_type=\"widget\" data-e-type=\"widget\" data-widget_type=\"image-gallery.default\">\n\t\t\t\t<div class=\"elementor-widget-container\">\n\t\t\t\t\t\t\t<div class=\"elementor-image-gallery\">\n\t\t\t<div id='gallery-3' class='gallery galleryid-410 gallery-columns-5 gallery-size-large'><figure class='gallery-item'>\n\t\t\t<div class='gallery-icon landscape'>\n\t\t\t\t<a data-elementor-open-lightbox=\"yes\" data-elementor-lightbox-slideshow=\"44910e8\" data-elementor-lightbox-title=\"image0\" data-e-action-hash=\"#elementor-action%3Aaction%3Dlightbox%26settings%3DeyJpZCI6NjYxOSwidXJsIjoiaHR0cHM6XC9cL3d3dy5xdWVsbGVuLWhvZi5kZVwva3VsdHVyZ3V0LXF1ZWxsZW5ob2ZcL3dwLWNvbnRlbnRcL3VwbG9hZHNcLzIwMjFcLzA4XC9pbWFnZTAuanBlZyIsInNsaWRlc2hvdyI6IjQ0OTEwZTgifQ%3D%3D\" href='https:\/\/www.quellen-hof.de\/kulturgut-quellenhof\/wp-content\/uploads\/2021\/08\/image0.jpeg' data-lbwps-width=\"1980\" data-lbwps-height=\"1675\" data-lbwps-srcsmall=\"https:\/\/www.quellen-hof.de\/kulturgut-quellenhof\/wp-content\/uploads\/2021\/08\/image0-300x254.jpeg\"><img loading=\"lazy\" decoding=\"async\" width=\"812\" height=\"687\" src=\"https:\/\/www.quellen-hof.de\/kulturgut-quellenhof\/wp-content\/uploads\/2021\/08\/image0-1024x866.jpeg\" class=\"attachment-large size-large\" alt=\"\" srcset=\"https:\/\/www.quellen-hof.de\/kulturgut-quellenhof\/wp-content\/uploads\/2021\/08\/image0-1024x866.jpeg 1024w, https:\/\/www.quellen-hof.de\/kulturgut-quellenhof\/wp-content\/uploads\/2021\/08\/image0-300x254.jpeg 300w, https:\/\/www.quellen-hof.de\/kulturgut-quellenhof\/wp-content\/uploads\/2021\/08\/image0-1536x1299.jpeg 1536w, https:\/\/www.quellen-hof.de\/kulturgut-quellenhof\/wp-content\/uploads\/2021\/08\/image0.jpeg 1980w\" sizes=\"(max-width: 812px) 100vw, 812px\" \/><\/a>\n\t\t\t<\/div><\/figure><figure class='gallery-item'>\n\t\t\t<div class='gallery-icon portrait'>\n\t\t\t\t<a data-elementor-open-lightbox=\"yes\" data-elementor-lightbox-slideshow=\"44910e8\" data-elementor-lightbox-title=\"image1\" data-e-action-hash=\"#elementor-action%3Aaction%3Dlightbox%26settings%3DeyJpZCI6NjYyMSwidXJsIjoiaHR0cHM6XC9cL3d3dy5xdWVsbGVuLWhvZi5kZVwva3VsdHVyZ3V0LXF1ZWxsZW5ob2ZcL3dwLWNvbnRlbnRcL3VwbG9hZHNcLzIwMjFcLzA4XC9pbWFnZTEtc2NhbGVkLmpwZWciLCJzbGlkZXNob3ciOiI0NDkxMGU4In0%3D\" href='https:\/\/www.quellen-hof.de\/kulturgut-quellenhof\/wp-content\/uploads\/2021\/08\/image1.jpeg' data-lbwps-width=\"2888\" data-lbwps-height=\"3350\" data-lbwps-srcsmall=\"https:\/\/www.quellen-hof.de\/kulturgut-quellenhof\/wp-content\/uploads\/2021\/08\/image1-259x300.jpeg\"><img loading=\"lazy\" decoding=\"async\" width=\"812\" height=\"942\" src=\"https:\/\/www.quellen-hof.de\/kulturgut-quellenhof\/wp-content\/uploads\/2021\/08\/image1-883x1024.jpeg\" class=\"attachment-large size-large\" alt=\"\" srcset=\"https:\/\/www.quellen-hof.de\/kulturgut-quellenhof\/wp-content\/uploads\/2021\/08\/image1-883x1024.jpeg 883w, https:\/\/www.quellen-hof.de\/kulturgut-quellenhof\/wp-content\/uploads\/2021\/08\/image1-259x300.jpeg 259w, https:\/\/www.quellen-hof.de\/kulturgut-quellenhof\/wp-content\/uploads\/2021\/08\/image1-1324x1536.jpeg 1324w, https:\/\/www.quellen-hof.de\/kulturgut-quellenhof\/wp-content\/uploads\/2021\/08\/image1-1766x2048.jpeg 1766w\" sizes=\"(max-width: 812px) 100vw, 812px\" \/><\/a>\n\t\t\t<\/div><\/figure><figure class='gallery-item'>\n\t\t\t<div class='gallery-icon portrait'>\n\t\t\t\t<a data-elementor-open-lightbox=\"yes\" data-elementor-lightbox-slideshow=\"44910e8\" data-elementor-lightbox-title=\"image2\" data-e-action-hash=\"#elementor-action%3Aaction%3Dlightbox%26settings%3DeyJpZCI6NjYyMiwidXJsIjoiaHR0cHM6XC9cL3d3dy5xdWVsbGVuLWhvZi5kZVwva3VsdHVyZ3V0LXF1ZWxsZW5ob2ZcL3dwLWNvbnRlbnRcL3VwbG9hZHNcLzIwMjFcLzA4XC9pbWFnZTIuanBlZyIsInNsaWRlc2hvdyI6IjQ0OTEwZTgifQ%3D%3D\" href='https:\/\/www.quellen-hof.de\/kulturgut-quellenhof\/wp-content\/uploads\/2021\/08\/image2.jpeg' data-lbwps-width=\"2296\" data-lbwps-height=\"2438\" data-lbwps-srcsmall=\"https:\/\/www.quellen-hof.de\/kulturgut-quellenhof\/wp-content\/uploads\/2021\/08\/image2-283x300.jpeg\"><img loading=\"lazy\" decoding=\"async\" width=\"812\" height=\"863\" src=\"https:\/\/www.quellen-hof.de\/kulturgut-quellenhof\/wp-content\/uploads\/2021\/08\/image2-964x1024.jpeg\" class=\"attachment-large size-large\" alt=\"\" srcset=\"https:\/\/www.quellen-hof.de\/kulturgut-quellenhof\/wp-content\/uploads\/2021\/08\/image2-964x1024.jpeg 964w, https:\/\/www.quellen-hof.de\/kulturgut-quellenhof\/wp-content\/uploads\/2021\/08\/image2-283x300.jpeg 283w, https:\/\/www.quellen-hof.de\/kulturgut-quellenhof\/wp-content\/uploads\/2021\/08\/image2-1447x1536.jpeg 1447w, https:\/\/www.quellen-hof.de\/kulturgut-quellenhof\/wp-content\/uploads\/2021\/08\/image2-1929x2048.jpeg 1929w\" sizes=\"(max-width: 812px) 100vw, 812px\" \/><\/a>\n\t\t\t<\/div><\/figure><figure class='gallery-item'>\n\t\t\t<div class='gallery-icon landscape'>\n\t\t\t\t<a data-elementor-open-lightbox=\"yes\" data-elementor-lightbox-slideshow=\"44910e8\" data-elementor-lightbox-title=\"image3\" data-e-action-hash=\"#elementor-action%3Aaction%3Dlightbox%26settings%3DeyJpZCI6NjYyMywidXJsIjoiaHR0cHM6XC9cL3d3dy5xdWVsbGVuLWhvZi5kZVwva3VsdHVyZ3V0LXF1ZWxsZW5ob2ZcL3dwLWNvbnRlbnRcL3VwbG9hZHNcLzIwMjFcLzA4XC9pbWFnZTMtc2NhbGVkLmpwZWciLCJzbGlkZXNob3ciOiI0NDkxMGU4In0%3D\" href='https:\/\/www.quellen-hof.de\/kulturgut-quellenhof\/wp-content\/uploads\/2021\/08\/image3.jpeg' data-lbwps-width=\"2654\" data-lbwps-height=\"2258\" data-lbwps-srcsmall=\"https:\/\/www.quellen-hof.de\/kulturgut-quellenhof\/wp-content\/uploads\/2021\/08\/image3-300x255.jpeg\"><img loading=\"lazy\" decoding=\"async\" width=\"812\" height=\"691\" src=\"https:\/\/www.quellen-hof.de\/kulturgut-quellenhof\/wp-content\/uploads\/2021\/08\/image3-1024x871.jpeg\" class=\"attachment-large size-large\" alt=\"\" srcset=\"https:\/\/www.quellen-hof.de\/kulturgut-quellenhof\/wp-content\/uploads\/2021\/08\/image3-1024x871.jpeg 1024w, https:\/\/www.quellen-hof.de\/kulturgut-quellenhof\/wp-content\/uploads\/2021\/08\/image3-300x255.jpeg 300w, https:\/\/www.quellen-hof.de\/kulturgut-quellenhof\/wp-content\/uploads\/2021\/08\/image3-1536x1307.jpeg 1536w, https:\/\/www.quellen-hof.de\/kulturgut-quellenhof\/wp-content\/uploads\/2021\/08\/image3-2048x1742.jpeg 2048w\" sizes=\"(max-width: 812px) 100vw, 812px\" \/><\/a>\n\t\t\t<\/div><\/figure><figure class='gallery-item'>\n\t\t\t<div class='gallery-icon landscape'>\n\t\t\t\t<a data-elementor-open-lightbox=\"yes\" data-elementor-lightbox-slideshow=\"44910e8\" data-elementor-lightbox-title=\"image4\" data-e-action-hash=\"#elementor-action%3Aaction%3Dlightbox%26settings%3DeyJpZCI6NjYyNCwidXJsIjoiaHR0cHM6XC9cL3d3dy5xdWVsbGVuLWhvZi5kZVwva3VsdHVyZ3V0LXF1ZWxsZW5ob2ZcL3dwLWNvbnRlbnRcL3VwbG9hZHNcLzIwMjFcLzA4XC9pbWFnZTQtc2NhbGVkLmpwZWciLCJzbGlkZXNob3ciOiI0NDkxMGU4In0%3D\" href='https:\/\/www.quellen-hof.de\/kulturgut-quellenhof\/wp-content\/uploads\/2021\/08\/image4.jpeg' data-lbwps-width=\"3387\" data-lbwps-height=\"2891\" data-lbwps-srcsmall=\"https:\/\/www.quellen-hof.de\/kulturgut-quellenhof\/wp-content\/uploads\/2021\/08\/image4-300x256.jpeg\"><img loading=\"lazy\" decoding=\"async\" width=\"812\" height=\"693\" src=\"https:\/\/www.quellen-hof.de\/kulturgut-quellenhof\/wp-content\/uploads\/2021\/08\/image4-1024x874.jpeg\" class=\"attachment-large size-large\" alt=\"\" srcset=\"https:\/\/www.quellen-hof.de\/kulturgut-quellenhof\/wp-content\/uploads\/2021\/08\/image4-1024x874.jpeg 1024w, https:\/\/www.quellen-hof.de\/kulturgut-quellenhof\/wp-content\/uploads\/2021\/08\/image4-300x256.jpeg 300w, https:\/\/www.quellen-hof.de\/kulturgut-quellenhof\/wp-content\/uploads\/2021\/08\/image4-1536x1311.jpeg 1536w, https:\/\/www.quellen-hof.de\/kulturgut-quellenhof\/wp-content\/uploads\/2021\/08\/image4-2048x1748.jpeg 2048w\" sizes=\"(max-width: 812px) 100vw, 812px\" \/><\/a>\n\t\t\t<\/div><\/figure><figure class='gallery-item'>\n\t\t\t<div class='gallery-icon portrait'>\n\t\t\t\t<a data-elementor-open-lightbox=\"yes\" data-elementor-lightbox-slideshow=\"44910e8\" data-elementor-lightbox-title=\"image5\" data-e-action-hash=\"#elementor-action%3Aaction%3Dlightbox%26settings%3DeyJpZCI6NjYyNSwidXJsIjoiaHR0cHM6XC9cL3d3dy5xdWVsbGVuLWhvZi5kZVwva3VsdHVyZ3V0LXF1ZWxsZW5ob2ZcL3dwLWNvbnRlbnRcL3VwbG9hZHNcLzIwMjFcLzA4XC9pbWFnZTUtc2NhbGVkLmpwZWciLCJzbGlkZXNob3ciOiI0NDkxMGU4In0%3D\" href='https:\/\/www.quellen-hof.de\/kulturgut-quellenhof\/wp-content\/uploads\/2021\/08\/image5.jpeg' data-lbwps-width=\"2062\" data-lbwps-height=\"3212\" data-lbwps-srcsmall=\"https:\/\/www.quellen-hof.de\/kulturgut-quellenhof\/wp-content\/uploads\/2021\/08\/image5-193x300.jpeg\"><img loading=\"lazy\" decoding=\"async\" width=\"657\" height=\"1024\" src=\"https:\/\/www.quellen-hof.de\/kulturgut-quellenhof\/wp-content\/uploads\/2021\/08\/image5-657x1024.jpeg\" class=\"attachment-large size-large\" alt=\"\" srcset=\"https:\/\/www.quellen-hof.de\/kulturgut-quellenhof\/wp-content\/uploads\/2021\/08\/image5-657x1024.jpeg 657w, https:\/\/www.quellen-hof.de\/kulturgut-quellenhof\/wp-content\/uploads\/2021\/08\/image5-193x300.jpeg 193w, https:\/\/www.quellen-hof.de\/kulturgut-quellenhof\/wp-content\/uploads\/2021\/08\/image5-986x1536.jpeg 986w, https:\/\/www.quellen-hof.de\/kulturgut-quellenhof\/wp-content\/uploads\/2021\/08\/image5-1315x2048.jpeg 1315w, https:\/\/www.quellen-hof.de\/kulturgut-quellenhof\/wp-content\/uploads\/2021\/08\/image5-scaled.jpeg 1643w\" sizes=\"(max-width: 657px) 100vw, 657px\" \/><\/a>\n\t\t\t<\/div><\/figure><figure class='gallery-item'>\n\t\t\t<div class='gallery-icon portrait'>\n\t\t\t\t<a data-elementor-open-lightbox=\"yes\" data-elementor-lightbox-slideshow=\"44910e8\" data-elementor-lightbox-title=\"image6\" data-e-action-hash=\"#elementor-action%3Aaction%3Dlightbox%26settings%3DeyJpZCI6NjYyNiwidXJsIjoiaHR0cHM6XC9cL3d3dy5xdWVsbGVuLWhvZi5kZVwva3VsdHVyZ3V0LXF1ZWxsZW5ob2ZcL3dwLWNvbnRlbnRcL3VwbG9hZHNcLzIwMjFcLzA4XC9pbWFnZTYtc2NhbGVkLmpwZWciLCJzbGlkZXNob3ciOiI0NDkxMGU4In0%3D\" href='https:\/\/www.quellen-hof.de\/kulturgut-quellenhof\/wp-content\/uploads\/2021\/08\/image6.jpeg' data-lbwps-width=\"3024\" data-lbwps-height=\"3171\" data-lbwps-srcsmall=\"https:\/\/www.quellen-hof.de\/kulturgut-quellenhof\/wp-content\/uploads\/2021\/08\/image6-286x300.jpeg\"><img loading=\"lazy\" decoding=\"async\" width=\"812\" height=\"851\" src=\"https:\/\/www.quellen-hof.de\/kulturgut-quellenhof\/wp-content\/uploads\/2021\/08\/image6-977x1024.jpeg\" class=\"attachment-large size-large\" alt=\"\" srcset=\"https:\/\/www.quellen-hof.de\/kulturgut-quellenhof\/wp-content\/uploads\/2021\/08\/image6-977x1024.jpeg 977w, https:\/\/www.quellen-hof.de\/kulturgut-quellenhof\/wp-content\/uploads\/2021\/08\/image6-286x300.jpeg 286w, https:\/\/www.quellen-hof.de\/kulturgut-quellenhof\/wp-content\/uploads\/2021\/08\/image6-1465x1536.jpeg 1465w, https:\/\/www.quellen-hof.de\/kulturgut-quellenhof\/wp-content\/uploads\/2021\/08\/image6-1953x2048.jpeg 1953w\" sizes=\"(max-width: 812px) 100vw, 812px\" \/><\/a>\n\t\t\t<\/div><\/figure><figure class='gallery-item'>\n\t\t\t<div class='gallery-icon landscape'>\n\t\t\t\t<a data-elementor-open-lightbox=\"yes\" data-elementor-lightbox-slideshow=\"44910e8\" data-elementor-lightbox-title=\"image8\" data-e-action-hash=\"#elementor-action%3Aaction%3Dlightbox%26settings%3DeyJpZCI6NjYyNywidXJsIjoiaHR0cHM6XC9cL3d3dy5xdWVsbGVuLWhvZi5kZVwva3VsdHVyZ3V0LXF1ZWxsZW5ob2ZcL3dwLWNvbnRlbnRcL3VwbG9hZHNcLzIwMjFcLzA4XC9pbWFnZTguanBlZyIsInNsaWRlc2hvdyI6IjQ0OTEwZTgifQ%3D%3D\" href='https:\/\/www.quellen-hof.de\/kulturgut-quellenhof\/wp-content\/uploads\/2021\/08\/image8.jpeg' data-lbwps-width=\"2065\" data-lbwps-height=\"1601\" data-lbwps-srcsmall=\"https:\/\/www.quellen-hof.de\/kulturgut-quellenhof\/wp-content\/uploads\/2021\/08\/image8-300x233.jpeg\"><img loading=\"lazy\" decoding=\"async\" width=\"812\" height=\"630\" src=\"https:\/\/www.quellen-hof.de\/kulturgut-quellenhof\/wp-content\/uploads\/2021\/08\/image8-1024x794.jpeg\" class=\"attachment-large size-large\" alt=\"\" srcset=\"https:\/\/www.quellen-hof.de\/kulturgut-quellenhof\/wp-content\/uploads\/2021\/08\/image8-1024x794.jpeg 1024w, https:\/\/www.quellen-hof.de\/kulturgut-quellenhof\/wp-content\/uploads\/2021\/08\/image8-300x233.jpeg 300w, https:\/\/www.quellen-hof.de\/kulturgut-quellenhof\/wp-content\/uploads\/2021\/08\/image8-1536x1191.jpeg 1536w, https:\/\/www.quellen-hof.de\/kulturgut-quellenhof\/wp-content\/uploads\/2021\/08\/image8-2048x1588.jpeg 2048w\" sizes=\"(max-width: 812px) 100vw, 812px\" \/><\/a>\n\t\t\t<\/div><\/figure><figure class='gallery-item'>\n\t\t\t<div class='gallery-icon portrait'>\n\t\t\t\t<a data-elementor-open-lightbox=\"yes\" data-elementor-lightbox-slideshow=\"44910e8\" data-elementor-lightbox-title=\"image9\" data-e-action-hash=\"#elementor-action%3Aaction%3Dlightbox%26settings%3DeyJpZCI6NjYyOCwidXJsIjoiaHR0cHM6XC9cL3d3dy5xdWVsbGVuLWhvZi5kZVwva3VsdHVyZ3V0LXF1ZWxsZW5ob2ZcL3dwLWNvbnRlbnRcL3VwbG9hZHNcLzIwMjFcLzA4XC9pbWFnZTktc2NhbGVkLmpwZWciLCJzbGlkZXNob3ciOiI0NDkxMGU4In0%3D\" href='https:\/\/www.quellen-hof.de\/kulturgut-quellenhof\/wp-content\/uploads\/2021\/08\/image9.jpeg' data-lbwps-width=\"2845\" data-lbwps-height=\"3879\" data-lbwps-srcsmall=\"https:\/\/www.quellen-hof.de\/kulturgut-quellenhof\/wp-content\/uploads\/2021\/08\/image9-220x300.jpeg\"><img loading=\"lazy\" decoding=\"async\" width=\"751\" height=\"1024\" src=\"https:\/\/www.quellen-hof.de\/kulturgut-quellenhof\/wp-content\/uploads\/2021\/08\/image9-751x1024.jpeg\" class=\"attachment-large size-large\" alt=\"\" srcset=\"https:\/\/www.quellen-hof.de\/kulturgut-quellenhof\/wp-content\/uploads\/2021\/08\/image9-751x1024.jpeg 751w, https:\/\/www.quellen-hof.de\/kulturgut-quellenhof\/wp-content\/uploads\/2021\/08\/image9-220x300.jpeg 220w, https:\/\/www.quellen-hof.de\/kulturgut-quellenhof\/wp-content\/uploads\/2021\/08\/image9-1127x1536.jpeg 1127w, https:\/\/www.quellen-hof.de\/kulturgut-quellenhof\/wp-content\/uploads\/2021\/08\/image9-1502x2048.jpeg 1502w, https:\/\/www.quellen-hof.de\/kulturgut-quellenhof\/wp-content\/uploads\/2021\/08\/image9-scaled.jpeg 1878w\" sizes=\"(max-width: 751px) 100vw, 751px\" \/><\/a>\n\t\t\t<\/div><\/figure>\n\t\t<\/div>\n\t\t<\/div>\n\t\t\t\t\t\t<\/div>\n\t\t\t\t<\/div>\n\t\t\t\t\t<\/div>\n\t\t<\/div>\n\t\t\t\t\t<\/div>\n\t\t<\/section>\n\t\t\t\t<section class=\"elementor-section elementor-top-section elementor-element elementor-element-f6d123d elementor-section-boxed elementor-section-height-default elementor-section-height-default\" data-id=\"f6d123d\" data-element_type=\"section\" data-e-type=\"section\">\n\t\t\t\t\t\t<div class=\"elementor-container elementor-column-gap-default\">\n\t\t\t\t\t<div class=\"elementor-column elementor-col-100 elementor-top-column elementor-element elementor-element-7edafd1\" data-id=\"7edafd1\" data-element_type=\"column\" data-e-type=\"column\">\n\t\t\t<div class=\"elementor-widget-wrap elementor-element-populated\">\n\t\t\t\t\t\t<div class=\"elementor-element elementor-element-1c00c72 elementor-widget elementor-widget-heading\" data-id=\"1c00c72\" data-element_type=\"widget\" data-e-type=\"widget\" data-widget_type=\"heading.default\">\n\t\t\t\t<div class=\"elementor-widget-container\">\n\t\t\t\t\t<h2 class=\"elementor-heading-title elementor-size-default\">Preistr\u00e4gerin 2020 war  Karla Neumeyer  <\/h2>\t\t\t\t<\/div>\n\t\t\t\t<\/div>\n\t\t\t\t\t<\/div>\n\t\t<\/div>\n\t\t\t\t\t<\/div>\n\t\t<\/section>\n\t\t\t\t<section class=\"elementor-section elementor-top-section elementor-element elementor-element-1e93fbb elementor-section-boxed elementor-section-height-default elementor-section-height-default\" data-id=\"1e93fbb\" data-element_type=\"section\" data-e-type=\"section\">\n\t\t\t\t\t\t<div class=\"elementor-container elementor-column-gap-default\">\n\t\t\t\t\t<div class=\"elementor-column elementor-col-100 elementor-top-column elementor-element elementor-element-616bfca\" data-id=\"616bfca\" data-element_type=\"column\" data-e-type=\"column\">\n\t\t\t<div class=\"elementor-widget-wrap elementor-element-populated\">\n\t\t\t\t\t\t<div class=\"elementor-element elementor-element-de61254 elementor-widget elementor-widget-text-editor\" data-id=\"de61254\" data-element_type=\"widget\" data-e-type=\"widget\" data-widget_type=\"text-editor.default\">\n\t\t\t\t<div class=\"elementor-widget-container\">\n\t\t\t\t\t\t\t\t\tF\u00fcr das Artist-in-Residence-Programm 2020 hatten sich 35 K\u00fcnstler-innen beworben.\n\nEntschieden hatte sich die Jury f\u00fcr Karla Neumeyer mit K\u00fcnstlernamen ORLANDO.\nDie Stipendiatin \u00a0Neumeyer studierte an der Hochschule f\u00fcr Bildende Kunst Dresden in der Klasse bei Prof. Peter B\u00f6mmels einschl. einem\n\nAuslandssemester an der Kunstakademie Warschau. War\u00a0Meistersch\u00fclerin bei Peter\u00a0Bommels.\n\nOrlandos Auszeichnungen widerspiegelt die Klasse ihrer speziellen Radiertechnik, der Mezzotinto.\t\t\t\t\t\t\t\t<\/div>\n\t\t\t\t<\/div>\n\t\t\t\t\t<\/div>\n\t\t<\/div>\n\t\t\t\t\t<\/div>\n\t\t<\/section>\n\t\t\t\t<section class=\"elementor-section elementor-top-section elementor-element elementor-element-bf06de0 elementor-section-full_width elementor-section-height-default elementor-section-height-default\" data-id=\"bf06de0\" data-element_type=\"section\" data-e-type=\"section\">\n\t\t\t\t\t\t<div class=\"elementor-container elementor-column-gap-no\">\n\t\t\t\t\t<div class=\"elementor-column elementor-col-100 elementor-top-column elementor-element elementor-element-7da5223\" data-id=\"7da5223\" data-element_type=\"column\" data-e-type=\"column\">\n\t\t\t<div class=\"elementor-widget-wrap elementor-element-populated\">\n\t\t\t\t\t\t<div class=\"elementor-element elementor-element-666cd54 elementor-widget elementor-widget-image-gallery\" data-id=\"666cd54\" data-element_type=\"widget\" data-e-type=\"widget\" data-widget_type=\"image-gallery.default\">\n\t\t\t\t<div class=\"elementor-widget-container\">\n\t\t\t\t\t\t\t<div class=\"elementor-image-gallery\">\n\t\t\t<div id='gallery-4' class='gallery galleryid-410 gallery-columns-6 gallery-size-thumbnail'><figure class='gallery-item'>\n\t\t\t<div class='gallery-icon landscape'>\n\t\t\t\t<a data-elementor-open-lightbox=\"yes\" data-elementor-lightbox-slideshow=\"666cd54\" data-elementor-lightbox-title=\"4523\" data-e-action-hash=\"#elementor-action%3Aaction%3Dlightbox%26settings%3DeyJpZCI6NjMxNSwidXJsIjoiaHR0cHM6XC9cL3d3dy5xdWVsbGVuLWhvZi5kZVwva3VsdHVyZ3V0LXF1ZWxsZW5ob2ZcL3dwLWNvbnRlbnRcL3VwbG9hZHNcLzIwMjBcLzA4XC80NTIzLXNjYWxlZC5qcGciLCJzbGlkZXNob3ciOiI2NjZjZDU0In0%3D\" href='https:\/\/www.quellen-hof.de\/kulturgut-quellenhof\/wp-content\/uploads\/2020\/08\/4523.jpg' data-lbwps-width=\"3543\" data-lbwps-height=\"1996\" data-lbwps-srcsmall=\"https:\/\/www.quellen-hof.de\/kulturgut-quellenhof\/wp-content\/uploads\/2020\/08\/4523-300x169.jpg\"><img loading=\"lazy\" decoding=\"async\" width=\"150\" height=\"150\" src=\"https:\/\/www.quellen-hof.de\/kulturgut-quellenhof\/wp-content\/uploads\/2020\/08\/4523-scaled-150x150.jpg\" class=\"attachment-thumbnail size-thumbnail\" alt=\"\" \/><\/a>\n\t\t\t<\/div><\/figure><figure class='gallery-item'>\n\t\t\t<div class='gallery-icon landscape'>\n\t\t\t\t<a data-elementor-open-lightbox=\"yes\" data-elementor-lightbox-slideshow=\"666cd54\" data-elementor-lightbox-title=\"4516\" data-e-action-hash=\"#elementor-action%3Aaction%3Dlightbox%26settings%3DeyJpZCI6NjMxMywidXJsIjoiaHR0cHM6XC9cL3d3dy5xdWVsbGVuLWhvZi5kZVwva3VsdHVyZ3V0LXF1ZWxsZW5ob2ZcL3dwLWNvbnRlbnRcL3VwbG9hZHNcLzIwMjBcLzA4XC80NTE2LXNjYWxlZC5qcGciLCJzbGlkZXNob3ciOiI2NjZjZDU0In0%3D\" href='https:\/\/www.quellen-hof.de\/kulturgut-quellenhof\/wp-content\/uploads\/2020\/08\/4516.jpg' data-lbwps-width=\"3542\" data-lbwps-height=\"1995\" data-lbwps-srcsmall=\"https:\/\/www.quellen-hof.de\/kulturgut-quellenhof\/wp-content\/uploads\/2020\/08\/4516-300x169.jpg\"><img loading=\"lazy\" decoding=\"async\" width=\"150\" height=\"150\" src=\"https:\/\/www.quellen-hof.de\/kulturgut-quellenhof\/wp-content\/uploads\/2020\/08\/4516-scaled-150x150.jpg\" class=\"attachment-thumbnail size-thumbnail\" alt=\"\" \/><\/a>\n\t\t\t<\/div><\/figure><figure class='gallery-item'>\n\t\t\t<div class='gallery-icon landscape'>\n\t\t\t\t<a data-elementor-open-lightbox=\"yes\" data-elementor-lightbox-slideshow=\"666cd54\" data-elementor-lightbox-title=\"4514\" data-e-action-hash=\"#elementor-action%3Aaction%3Dlightbox%26settings%3DeyJpZCI6NjMxMiwidXJsIjoiaHR0cHM6XC9cL3d3dy5xdWVsbGVuLWhvZi5kZVwva3VsdHVyZ3V0LXF1ZWxsZW5ob2ZcL3dwLWNvbnRlbnRcL3VwbG9hZHNcLzIwMjBcLzA4XC80NTE0LXNjYWxlZC5qcGciLCJzbGlkZXNob3ciOiI2NjZjZDU0In0%3D\" href='https:\/\/www.quellen-hof.de\/kulturgut-quellenhof\/wp-content\/uploads\/2020\/08\/4514.jpg' data-lbwps-width=\"3543\" data-lbwps-height=\"1996\" data-lbwps-srcsmall=\"https:\/\/www.quellen-hof.de\/kulturgut-quellenhof\/wp-content\/uploads\/2020\/08\/4514-300x169.jpg\"><img loading=\"lazy\" decoding=\"async\" width=\"150\" height=\"150\" src=\"https:\/\/www.quellen-hof.de\/kulturgut-quellenhof\/wp-content\/uploads\/2020\/08\/4514-scaled-150x150.jpg\" class=\"attachment-thumbnail size-thumbnail\" alt=\"\" \/><\/a>\n\t\t\t<\/div><\/figure><figure class='gallery-item'>\n\t\t\t<div class='gallery-icon landscape'>\n\t\t\t\t<a data-elementor-open-lightbox=\"yes\" data-elementor-lightbox-slideshow=\"666cd54\" data-elementor-lightbox-title=\"4511\" data-e-action-hash=\"#elementor-action%3Aaction%3Dlightbox%26settings%3DeyJpZCI6NjMxMCwidXJsIjoiaHR0cHM6XC9cL3d3dy5xdWVsbGVuLWhvZi5kZVwva3VsdHVyZ3V0LXF1ZWxsZW5ob2ZcL3dwLWNvbnRlbnRcL3VwbG9hZHNcLzIwMjBcLzA4XC80NTExLXNjYWxlZC5qcGciLCJzbGlkZXNob3ciOiI2NjZjZDU0In0%3D\" href='https:\/\/www.quellen-hof.de\/kulturgut-quellenhof\/wp-content\/uploads\/2020\/08\/4511.jpg' data-lbwps-width=\"3543\" data-lbwps-height=\"1996\" data-lbwps-srcsmall=\"https:\/\/www.quellen-hof.de\/kulturgut-quellenhof\/wp-content\/uploads\/2020\/08\/4511-300x169.jpg\"><img loading=\"lazy\" decoding=\"async\" width=\"150\" height=\"150\" src=\"https:\/\/www.quellen-hof.de\/kulturgut-quellenhof\/wp-content\/uploads\/2020\/08\/4511-scaled-150x150.jpg\" class=\"attachment-thumbnail size-thumbnail\" alt=\"\" \/><\/a>\n\t\t\t<\/div><\/figure><figure class='gallery-item'>\n\t\t\t<div class='gallery-icon landscape'>\n\t\t\t\t<a data-elementor-open-lightbox=\"yes\" data-elementor-lightbox-slideshow=\"666cd54\" data-elementor-lightbox-title=\"4506\" data-e-action-hash=\"#elementor-action%3Aaction%3Dlightbox%26settings%3DeyJpZCI6NjMwOSwidXJsIjoiaHR0cHM6XC9cL3d3dy5xdWVsbGVuLWhvZi5kZVwva3VsdHVyZ3V0LXF1ZWxsZW5ob2ZcL3dwLWNvbnRlbnRcL3VwbG9hZHNcLzIwMjBcLzA4XC80NTA2LXNjYWxlZC5qcGciLCJzbGlkZXNob3ciOiI2NjZjZDU0In0%3D\" href='https:\/\/www.quellen-hof.de\/kulturgut-quellenhof\/wp-content\/uploads\/2020\/08\/4506.jpg' data-lbwps-width=\"3543\" data-lbwps-height=\"1996\" data-lbwps-srcsmall=\"https:\/\/www.quellen-hof.de\/kulturgut-quellenhof\/wp-content\/uploads\/2020\/08\/4506-300x169.jpg\"><img loading=\"lazy\" decoding=\"async\" width=\"150\" height=\"150\" src=\"https:\/\/www.quellen-hof.de\/kulturgut-quellenhof\/wp-content\/uploads\/2020\/08\/4506-scaled-150x150.jpg\" class=\"attachment-thumbnail size-thumbnail\" alt=\"\" \/><\/a>\n\t\t\t<\/div><\/figure><figure class='gallery-item'>\n\t\t\t<div class='gallery-icon portrait'>\n\t\t\t\t<a data-elementor-open-lightbox=\"yes\" data-elementor-lightbox-slideshow=\"666cd54\" data-elementor-lightbox-title=\"orlando-presse\" data-e-action-hash=\"#elementor-action%3Aaction%3Dlightbox%26settings%3DeyJpZCI6NjMzNywidXJsIjoiaHR0cHM6XC9cL3d3dy5xdWVsbGVuLWhvZi5kZVwva3VsdHVyZ3V0LXF1ZWxsZW5ob2ZcL3dwLWNvbnRlbnRcL3VwbG9hZHNcLzIwMjBcLzA5XC9vcmxhbmRvLXByZXNzZS1zY2FsZWQuanBnIiwic2xpZGVzaG93IjoiNjY2Y2Q1NCJ9\" href='https:\/\/www.quellen-hof.de\/kulturgut-quellenhof\/wp-content\/uploads\/2020\/09\/orlando-presse.jpg' data-lbwps-width=\"2000\" data-lbwps-height=\"2884\" data-lbwps-srcsmall=\"https:\/\/www.quellen-hof.de\/kulturgut-quellenhof\/wp-content\/uploads\/2020\/09\/orlando-presse-208x300.jpg\"><img loading=\"lazy\" decoding=\"async\" width=\"150\" height=\"150\" src=\"https:\/\/www.quellen-hof.de\/kulturgut-quellenhof\/wp-content\/uploads\/2020\/09\/orlando-presse-scaled-150x150.jpg\" class=\"attachment-thumbnail size-thumbnail\" alt=\"\" \/><\/a>\n\t\t\t<\/div><\/figure>\n\t\t<\/div>\n\t\t<\/div>\n\t\t\t\t\t\t<\/div>\n\t\t\t\t<\/div>\n\t\t\t\t\t<\/div>\n\t\t<\/div>\n\t\t\t\t\t<\/div>\n\t\t<\/section>\n\t\t\t\t<section class=\"elementor-section elementor-top-section elementor-element elementor-element-6891559 elementor-section-stretched elementor-section-boxed elementor-section-height-default elementor-section-height-default\" data-id=\"6891559\" data-element_type=\"section\" data-e-type=\"section\" data-settings=\"{&quot;stretch_section&quot;:&quot;section-stretched&quot;}\">\n\t\t\t\t\t\t<div class=\"elementor-container elementor-column-gap-default\">\n\t\t\t\t\t<div class=\"elementor-column elementor-col-100 elementor-top-column elementor-element elementor-element-91c6ff3\" data-id=\"91c6ff3\" data-element_type=\"column\" data-e-type=\"column\">\n\t\t\t<div class=\"elementor-widget-wrap elementor-element-populated\">\n\t\t\t\t\t\t<div class=\"elementor-element elementor-element-e3c3103 elementor-widget elementor-widget-heading\" data-id=\"e3c3103\" data-element_type=\"widget\" data-e-type=\"widget\" data-widget_type=\"heading.default\">\n\t\t\t\t<div class=\"elementor-widget-container\">\n\t\t\t\t\t<h3 class=\"elementor-heading-title elementor-size-default\">Preistr\u00e4gerin 2019 war Christina Wildgrube - Leipzig<\/h3>\t\t\t\t<\/div>\n\t\t\t\t<\/div>\n\t\t\t\t\t<\/div>\n\t\t<\/div>\n\t\t\t\t\t<\/div>\n\t\t<\/section>\n\t\t\t\t<section class=\"elementor-section elementor-top-section elementor-element elementor-element-d70406a elementor-section-boxed elementor-section-height-default elementor-section-height-default\" data-id=\"d70406a\" data-element_type=\"section\" data-e-type=\"section\">\n\t\t\t\t\t\t<div class=\"elementor-container elementor-column-gap-default\">\n\t\t\t\t\t<div class=\"elementor-column elementor-col-33 elementor-top-column elementor-element elementor-element-c85535e\" data-id=\"c85535e\" data-element_type=\"column\" data-e-type=\"column\">\n\t\t\t<div class=\"elementor-widget-wrap elementor-element-populated\">\n\t\t\t\t\t\t<div class=\"elementor-element elementor-element-8136723 elementor-widget elementor-widget-image-gallery\" data-id=\"8136723\" data-element_type=\"widget\" data-e-type=\"widget\" data-widget_type=\"image-gallery.default\">\n\t\t\t\t<div class=\"elementor-widget-container\">\n\t\t\t\t\t\t\t<div class=\"elementor-image-gallery\">\n\t\t\t<div id='gallery-5' class='gallery galleryid-410 gallery-columns-2 gallery-size-full'><figure class='gallery-item'>\n\t\t\t<div class='gallery-icon landscape'>\n\t\t\t\t<a data-elementor-open-lightbox=\"yes\" data-elementor-lightbox-slideshow=\"8136723\" data-elementor-lightbox-title=\"IMG_6547\" data-e-action-hash=\"#elementor-action%3Aaction%3Dlightbox%26settings%3DeyJpZCI6NTgyMywidXJsIjoiaHR0cHM6XC9cL3d3dy5xdWVsbGVuLWhvZi5kZVwva3VsdHVyZ3V0LXF1ZWxsZW5ob2ZcL3dwLWNvbnRlbnRcL3VwbG9hZHNcLzIwMTlcLzA4XC9JTUdfNjU0Ny5qcGciLCJzbGlkZXNob3ciOiI4MTM2NzIzIn0%3D\" href='https:\/\/www.quellen-hof.de\/kulturgut-quellenhof\/wp-content\/uploads\/2019\/08\/IMG_6547.jpg' data-lbwps-width=\"2000\" data-lbwps-height=\"1963\" data-lbwps-srcsmall=\"https:\/\/www.quellen-hof.de\/kulturgut-quellenhof\/wp-content\/uploads\/2019\/08\/IMG_6547-300x294.jpg\"><img loading=\"lazy\" decoding=\"async\" width=\"2000\" height=\"1963\" src=\"https:\/\/www.quellen-hof.de\/kulturgut-quellenhof\/wp-content\/uploads\/2019\/08\/IMG_6547.jpg\" class=\"attachment-full size-full\" alt=\"\" srcset=\"https:\/\/www.quellen-hof.de\/kulturgut-quellenhof\/wp-content\/uploads\/2019\/08\/IMG_6547.jpg 2000w, https:\/\/www.quellen-hof.de\/kulturgut-quellenhof\/wp-content\/uploads\/2019\/08\/IMG_6547-300x294.jpg 300w, https:\/\/www.quellen-hof.de\/kulturgut-quellenhof\/wp-content\/uploads\/2019\/08\/IMG_6547-768x754.jpg 768w, https:\/\/www.quellen-hof.de\/kulturgut-quellenhof\/wp-content\/uploads\/2019\/08\/IMG_6547-1024x1005.jpg 1024w\" sizes=\"(max-width: 2000px) 100vw, 2000px\" \/><\/a>\n\t\t\t<\/div><\/figure><figure class='gallery-item'>\n\t\t\t<div class='gallery-icon portrait'>\n\t\t\t\t<a data-elementor-open-lightbox=\"yes\" data-elementor-lightbox-slideshow=\"8136723\" data-elementor-lightbox-title=\"IMG_6549\" data-e-action-hash=\"#elementor-action%3Aaction%3Dlightbox%26settings%3DeyJpZCI6NTgyNCwidXJsIjoiaHR0cHM6XC9cL3d3dy5xdWVsbGVuLWhvZi5kZVwva3VsdHVyZ3V0LXF1ZWxsZW5ob2ZcL3dwLWNvbnRlbnRcL3VwbG9hZHNcLzIwMTlcLzA4XC9JTUdfNjU0OS5qcGciLCJzbGlkZXNob3ciOiI4MTM2NzIzIn0%3D\" href='https:\/\/www.quellen-hof.de\/kulturgut-quellenhof\/wp-content\/uploads\/2019\/08\/IMG_6549.jpg' data-lbwps-width=\"1653\" data-lbwps-height=\"2000\" data-lbwps-srcsmall=\"https:\/\/www.quellen-hof.de\/kulturgut-quellenhof\/wp-content\/uploads\/2019\/08\/IMG_6549-248x300.jpg\"><img loading=\"lazy\" decoding=\"async\" width=\"1653\" height=\"2000\" src=\"https:\/\/www.quellen-hof.de\/kulturgut-quellenhof\/wp-content\/uploads\/2019\/08\/IMG_6549.jpg\" class=\"attachment-full size-full\" alt=\"\" srcset=\"https:\/\/www.quellen-hof.de\/kulturgut-quellenhof\/wp-content\/uploads\/2019\/08\/IMG_6549.jpg 1653w, https:\/\/www.quellen-hof.de\/kulturgut-quellenhof\/wp-content\/uploads\/2019\/08\/IMG_6549-248x300.jpg 248w, https:\/\/www.quellen-hof.de\/kulturgut-quellenhof\/wp-content\/uploads\/2019\/08\/IMG_6549-768x929.jpg 768w, https:\/\/www.quellen-hof.de\/kulturgut-quellenhof\/wp-content\/uploads\/2019\/08\/IMG_6549-846x1024.jpg 846w\" sizes=\"(max-width: 1653px) 100vw, 1653px\" \/><\/a>\n\t\t\t<\/div><\/figure><figure class='gallery-item'>\n\t\t\t<div class='gallery-icon landscape'>\n\t\t\t\t<a data-elementor-open-lightbox=\"yes\" data-elementor-lightbox-slideshow=\"8136723\" data-elementor-lightbox-title=\"IMG_6551\" data-e-action-hash=\"#elementor-action%3Aaction%3Dlightbox%26settings%3DeyJpZCI6NTgyNSwidXJsIjoiaHR0cHM6XC9cL3d3dy5xdWVsbGVuLWhvZi5kZVwva3VsdHVyZ3V0LXF1ZWxsZW5ob2ZcL3dwLWNvbnRlbnRcL3VwbG9hZHNcLzIwMTlcLzA4XC9JTUdfNjU1MS5qcGciLCJzbGlkZXNob3ciOiI4MTM2NzIzIn0%3D\" href='https:\/\/www.quellen-hof.de\/kulturgut-quellenhof\/wp-content\/uploads\/2019\/08\/IMG_6551.jpg' data-lbwps-width=\"2000\" data-lbwps-height=\"1436\" data-lbwps-srcsmall=\"https:\/\/www.quellen-hof.de\/kulturgut-quellenhof\/wp-content\/uploads\/2019\/08\/IMG_6551-300x215.jpg\"><img loading=\"lazy\" decoding=\"async\" width=\"2000\" height=\"1436\" src=\"https:\/\/www.quellen-hof.de\/kulturgut-quellenhof\/wp-content\/uploads\/2019\/08\/IMG_6551.jpg\" class=\"attachment-full size-full\" alt=\"\" srcset=\"https:\/\/www.quellen-hof.de\/kulturgut-quellenhof\/wp-content\/uploads\/2019\/08\/IMG_6551.jpg 2000w, https:\/\/www.quellen-hof.de\/kulturgut-quellenhof\/wp-content\/uploads\/2019\/08\/IMG_6551-300x215.jpg 300w, https:\/\/www.quellen-hof.de\/kulturgut-quellenhof\/wp-content\/uploads\/2019\/08\/IMG_6551-768x551.jpg 768w, https:\/\/www.quellen-hof.de\/kulturgut-quellenhof\/wp-content\/uploads\/2019\/08\/IMG_6551-1024x735.jpg 1024w\" sizes=\"(max-width: 2000px) 100vw, 2000px\" \/><\/a>\n\t\t\t<\/div><\/figure><figure class='gallery-item'>\n\t\t\t<div class='gallery-icon landscape'>\n\t\t\t\t<a data-elementor-open-lightbox=\"yes\" data-elementor-lightbox-slideshow=\"8136723\" data-elementor-lightbox-title=\"IMG_6520\" data-e-action-hash=\"#elementor-action%3Aaction%3Dlightbox%26settings%3DeyJpZCI6NTgyMCwidXJsIjoiaHR0cHM6XC9cL3d3dy5xdWVsbGVuLWhvZi5kZVwva3VsdHVyZ3V0LXF1ZWxsZW5ob2ZcL3dwLWNvbnRlbnRcL3VwbG9hZHNcLzIwMTlcLzA4XC9JTUdfNjUyMC5qcGciLCJzbGlkZXNob3ciOiI4MTM2NzIzIn0%3D\" href='https:\/\/www.quellen-hof.de\/kulturgut-quellenhof\/wp-content\/uploads\/2019\/08\/IMG_6520.jpg' data-lbwps-width=\"2000\" data-lbwps-height=\"1797\" data-lbwps-srcsmall=\"https:\/\/www.quellen-hof.de\/kulturgut-quellenhof\/wp-content\/uploads\/2019\/08\/IMG_6520-300x270.jpg\"><img loading=\"lazy\" decoding=\"async\" width=\"2000\" height=\"1797\" src=\"https:\/\/www.quellen-hof.de\/kulturgut-quellenhof\/wp-content\/uploads\/2019\/08\/IMG_6520.jpg\" class=\"attachment-full size-full\" alt=\"\" srcset=\"https:\/\/www.quellen-hof.de\/kulturgut-quellenhof\/wp-content\/uploads\/2019\/08\/IMG_6520.jpg 2000w, https:\/\/www.quellen-hof.de\/kulturgut-quellenhof\/wp-content\/uploads\/2019\/08\/IMG_6520-300x270.jpg 300w, https:\/\/www.quellen-hof.de\/kulturgut-quellenhof\/wp-content\/uploads\/2019\/08\/IMG_6520-768x690.jpg 768w, https:\/\/www.quellen-hof.de\/kulturgut-quellenhof\/wp-content\/uploads\/2019\/08\/IMG_6520-1024x920.jpg 1024w\" sizes=\"(max-width: 2000px) 100vw, 2000px\" \/><\/a>\n\t\t\t<\/div><\/figure><figure class='gallery-item'>\n\t\t\t<div class='gallery-icon portrait'>\n\t\t\t\t<a data-elementor-open-lightbox=\"yes\" data-elementor-lightbox-slideshow=\"8136723\" data-elementor-lightbox-title=\"IMG_6523_1024\" data-e-action-hash=\"#elementor-action%3Aaction%3Dlightbox%26settings%3DeyJpZCI6NTgyMSwidXJsIjoiaHR0cHM6XC9cL3d3dy5xdWVsbGVuLWhvZi5kZVwva3VsdHVyZ3V0LXF1ZWxsZW5ob2ZcL3dwLWNvbnRlbnRcL3VwbG9hZHNcLzIwMTlcLzA4XC9JTUdfNjUyM18xMDI0LmpwZyIsInNsaWRlc2hvdyI6IjgxMzY3MjMifQ%3D%3D\" href='https:\/\/www.quellen-hof.de\/kulturgut-quellenhof\/wp-content\/uploads\/2019\/08\/IMG_6523_1024.jpg' data-lbwps-width=\"966\" data-lbwps-height=\"1024\" data-lbwps-srcsmall=\"https:\/\/www.quellen-hof.de\/kulturgut-quellenhof\/wp-content\/uploads\/2019\/08\/IMG_6523_1024-283x300.jpg\"><img loading=\"lazy\" decoding=\"async\" width=\"966\" height=\"1024\" src=\"https:\/\/www.quellen-hof.de\/kulturgut-quellenhof\/wp-content\/uploads\/2019\/08\/IMG_6523_1024.jpg\" class=\"attachment-full size-full\" alt=\"\" srcset=\"https:\/\/www.quellen-hof.de\/kulturgut-quellenhof\/wp-content\/uploads\/2019\/08\/IMG_6523_1024.jpg 966w, https:\/\/www.quellen-hof.de\/kulturgut-quellenhof\/wp-content\/uploads\/2019\/08\/IMG_6523_1024-283x300.jpg 283w, https:\/\/www.quellen-hof.de\/kulturgut-quellenhof\/wp-content\/uploads\/2019\/08\/IMG_6523_1024-768x814.jpg 768w\" sizes=\"(max-width: 966px) 100vw, 966px\" \/><\/a>\n\t\t\t<\/div><\/figure><figure class='gallery-item'>\n\t\t\t<div class='gallery-icon portrait'>\n\t\t\t\t<a data-elementor-open-lightbox=\"yes\" data-elementor-lightbox-slideshow=\"8136723\" data-elementor-lightbox-title=\"IMG_6532\" data-e-action-hash=\"#elementor-action%3Aaction%3Dlightbox%26settings%3DeyJpZCI6NTgyMiwidXJsIjoiaHR0cHM6XC9cL3d3dy5xdWVsbGVuLWhvZi5kZVwva3VsdHVyZ3V0LXF1ZWxsZW5ob2ZcL3dwLWNvbnRlbnRcL3VwbG9hZHNcLzIwMTlcLzA4XC9JTUdfNjUzMi5qcGciLCJzbGlkZXNob3ciOiI4MTM2NzIzIn0%3D\" href='https:\/\/www.quellen-hof.de\/kulturgut-quellenhof\/wp-content\/uploads\/2019\/08\/IMG_6532.jpg' data-lbwps-width=\"1409\" data-lbwps-height=\"2000\" data-lbwps-srcsmall=\"https:\/\/www.quellen-hof.de\/kulturgut-quellenhof\/wp-content\/uploads\/2019\/08\/IMG_6532-211x300.jpg\"><img loading=\"lazy\" decoding=\"async\" width=\"1409\" height=\"2000\" src=\"https:\/\/www.quellen-hof.de\/kulturgut-quellenhof\/wp-content\/uploads\/2019\/08\/IMG_6532.jpg\" class=\"attachment-full size-full\" alt=\"\" srcset=\"https:\/\/www.quellen-hof.de\/kulturgut-quellenhof\/wp-content\/uploads\/2019\/08\/IMG_6532.jpg 1409w, https:\/\/www.quellen-hof.de\/kulturgut-quellenhof\/wp-content\/uploads\/2019\/08\/IMG_6532-211x300.jpg 211w, https:\/\/www.quellen-hof.de\/kulturgut-quellenhof\/wp-content\/uploads\/2019\/08\/IMG_6532-768x1090.jpg 768w, https:\/\/www.quellen-hof.de\/kulturgut-quellenhof\/wp-content\/uploads\/2019\/08\/IMG_6532-721x1024.jpg 721w\" sizes=\"(max-width: 1409px) 100vw, 1409px\" \/><\/a>\n\t\t\t<\/div><\/figure>\n\t\t<\/div>\n\t\t<\/div>\n\t\t\t\t\t\t<\/div>\n\t\t\t\t<\/div>\n\t\t\t\t\t<\/div>\n\t\t<\/div>\n\t\t\t\t<div class=\"elementor-column elementor-col-66 elementor-top-column elementor-element elementor-element-4b93ac1\" data-id=\"4b93ac1\" data-element_type=\"column\" data-e-type=\"column\">\n\t\t\t<div class=\"elementor-widget-wrap elementor-element-populated\">\n\t\t\t\t\t\t<div class=\"elementor-element elementor-element-41ebce5 elementor-widget elementor-widget-text-editor\" data-id=\"41ebce5\" data-element_type=\"widget\" data-e-type=\"widget\" data-widget_type=\"text-editor.default\">\n\t\t\t\t<div class=\"elementor-widget-container\">\n\t\t\t\t\t\t\t\t\t<h3>Das Zweite, im Quellenhof Garbisdorf<\/h3><h5>Mitte August ging das 2. Artist in Residence-Programm in der Druckwerkstatt Quellenhof Garbisdorf zu Ende.<br \/>Die K\u00fcnstlerin Christina Wildgrube studierte in Berlin und Chicago Kommunikationsdesign und schloss im September 2018 ihr Meistersch\u00fclerdiplom an der HGB Leipzig ab.<br \/>In den letzten 4 Wochen arbeitete die geb\u00fcrtige Wittenbergerin druckgrafisch im<br \/>Hochdruck in der Druckwerkstatt Garbisdorf. Inspiriert vom idyllischen Quellenhof und seiner Umgebung sind Monotypien und Druckgrafiken entstanden. Dabei experimentierte sie mit verschiedenen Holzarten und kombinierte ihre eigene Bild- und Farbsprache im Irisdruck.<br \/>Ihre ausf\u00fchrliche Pr\u00e4sentation der entstandenen Arbeiten kam bei den G\u00e4sten und<br \/>Sponsoren der Abschlussveranstaltung sehr gut an.<br \/>Der Quellenhof Garbisdorf reiht sich damit in die unterschiedlichen<br \/>Artist in Residence &#8211; Programme in Deutschland ein. Stipendiaten werden finanziell unterst\u00fctzt, so ist ein Arbeiten in der Druckgrafik m\u00f6glich, dank der Sponsoren, die dieses Projekt stemmen.<br \/>Das Lindenau-Museum kann sich aus den entstandenen Arbeiten ein Druckexemplar<br \/>ausw\u00e4hlen.<br \/>Die Druckwerkstatt im Torhaus des Quellenhofes ist zu einem Ort von Grafikfreunden<br \/>geworden, wo man die unterschiedlichen Techniken, wie Hoch-, Tief- und Flachdruck<br \/>ausprobieren oder verfeinern kann.<\/h5><p>Urheber Text und Fotos: Sabine M\u00fcller<\/p>\t\t\t\t\t\t\t\t<\/div>\n\t\t\t\t<\/div>\n\t\t\t\t\t<\/div>\n\t\t<\/div>\n\t\t\t\t\t<\/div>\n\t\t<\/section>\n\t\t\t\t<section class=\"elementor-section elementor-top-section elementor-element elementor-element-699a55c elementor-section-boxed elementor-section-height-default elementor-section-height-default elementor-invisible\" data-id=\"699a55c\" data-element_type=\"section\" data-e-type=\"section\" data-settings=\"{&quot;animation&quot;:&quot;fadeInUp&quot;,&quot;animation_delay&quot;:300}\">\n\t\t\t\t\t\t<div class=\"elementor-container elementor-column-gap-default\">\n\t\t\t\t\t<div class=\"elementor-column elementor-col-100 elementor-top-column elementor-element elementor-element-7826bcf\" data-id=\"7826bcf\" data-element_type=\"column\" data-e-type=\"column\">\n\t\t\t<div class=\"elementor-widget-wrap elementor-element-populated\">\n\t\t\t\t\t\t<div class=\"elementor-element elementor-element-b1d3c74 elementor-widget elementor-widget-heading\" data-id=\"b1d3c74\" data-element_type=\"widget\" data-e-type=\"widget\" data-widget_type=\"heading.default\">\n\t\t\t\t<div class=\"elementor-widget-container\">\n\t\t\t\t\t<h4 class=\"elementor-heading-title elementor-size-default\">Erstes Stipendium ging an Patrick Fauck<\/h4>\t\t\t\t<\/div>\n\t\t\t\t<\/div>\n\t\t\t\t<div class=\"elementor-element elementor-element-e7d001d elementor-drop-cap-yes elementor-drop-cap-view-default elementor-widget elementor-widget-text-editor\" data-id=\"e7d001d\" data-element_type=\"widget\" data-e-type=\"widget\" data-settings=\"{&quot;drop_cap&quot;:&quot;yes&quot;}\" data-widget_type=\"text-editor.default\">\n\t\t\t\t<div class=\"elementor-widget-container\">\n\t\t\t\t\t\t\t\t\t<div style=\"font-size: 14px;\"><p>Garbisdorf. Ein neues Kunstprojekt ist im Garbisdorfer Kulturgut \u201eQuellenhof\u201c gestartet. Unter dem Motto \u201eArtist in residence\u201c soll K\u00fcnstlern fortan die M\u00f6glichkeit geboten werden, die Druckwerkstatt im Rahmen eines Arbeitsaufenthalts im Ort zu nutzen. Durchgef\u00fchrt wird das Ganze in Form eines Stipendiums mit abschlie\u00dfender Personalausstellung.<\/p><p>Als erster K\u00fcnstler wurde Patrick Fauck ausgew\u00e4hlt. Der geb\u00fcrtige Saarl\u00e4nder, Jahrgang 1970, lebt und arbeitet in Leipzig. Seine Grafiken waren bereits in mehreren Einzelausstellungen zu sehen. 2013 war er Preistr\u00e4ger des 1. Druckgrafik-Wettbewerbes zur Leipziger Buchmesse. Er absolvierte bereits mehrere Stipendien, Arbeitsaufenthalte und Symposien.<\/p><p>\u201eBei der Suche nach Unterst\u00fctzern und Sponsoren f\u00fcr unser Projekt konnten wir das Lindenau-Museum gewinnen. Der Kustos der Gem\u00e4lde und Grafischen Sammlung des Museums, Dr.[nbsp] Benjamin Rux, ist Mitglied der Jury, die den K\u00fcnstler ausgew\u00e4hlt hatte\u201c, berichtet G\u00fcnter Lichtenstein, Leiter der Vereinsgalerie im \u201eQuellenhof\u201c. Zum Abschluss wurde eine Auswahl der vor Ort entstandenen Drucke Patrick Faucks an das Museum \u00fcbergeben.<\/p><p>Mit dem Projekt \u201eArtist in Residence\u201c soll die im Torhaus befindliche Druckwerkstatt zus\u00e4tzlich belebt werden. Im Zuge der Sanierung des \u201eQuellenhofs\u201c fanden auch die Galerie \u201ePferdestall\u201c und das G\u00f6pfersdorfer Holzbildhauerpleinair eine neue Heimstatt. Erg\u00e4nzt wurde das k\u00fcnstlerische Nutzungskonzept des Kulturguts 2008 mit der Druckwerkstatt. Im Laufe der Jahre kamen eine Reihe Ausstattungsgegenst\u00e4nde hinzu, vor allem Druckmaschinen. Die Holzbildhauer sponserten aus ihren \u00dcbersch\u00fcssen ebenfalls eine Druckpresse. Doch lange Zeit fristeten die R\u00e4umlichkeiten ein Schattendasein.<\/p><p>Dass es die Werkstatt heute noch gibt, ist dem G\u00f6pfersdorfer Grafiker Hubert M\u00fcller zu verdanken. F\u00fcr weiteres Leben sorgte die Altenburger K\u00fcnstlerin Sabine M\u00fcller, die neue Ideen einbrachte. So entwickelten sich die R\u00e4umlichkeiten im Torhaus kontinuierlich zu einem Refugium von Grafikfreunden.<\/p><\/div><div style=\"font-size: 9px;\"><p><em>Bericht[&amp;]Fotos Ilka Jost<\/em><\/p><\/div>\t\t\t\t\t\t\t\t<\/div>\n\t\t\t\t<\/div>\n\t\t\t\t\t<\/div>\n\t\t<\/div>\n\t\t\t\t\t<\/div>\n\t\t<\/section>\n\t\t\t\t<section class=\"elementor-section elementor-top-section elementor-element elementor-element-4eb18d2 elementor-section-stretched elementor-section-boxed elementor-section-height-default elementor-section-height-default\" data-id=\"4eb18d2\" data-element_type=\"section\" data-e-type=\"section\" data-settings=\"{&quot;stretch_section&quot;:&quot;section-stretched&quot;}\">\n\t\t\t\t\t\t<div class=\"elementor-container elementor-column-gap-default\">\n\t\t\t\t\t<div class=\"elementor-column elementor-col-100 elementor-top-column elementor-element elementor-element-707c8cd\" data-id=\"707c8cd\" data-element_type=\"column\" data-e-type=\"column\">\n\t\t\t<div class=\"elementor-widget-wrap elementor-element-populated\">\n\t\t\t\t\t\t<div class=\"elementor-element elementor-element-d991adc gallery-spacing-custom elementor-widget elementor-widget-image-gallery\" data-id=\"d991adc\" data-element_type=\"widget\" data-e-type=\"widget\" data-widget_type=\"image-gallery.default\">\n\t\t\t\t<div class=\"elementor-widget-container\">\n\t\t\t\t\t\t\t<div class=\"elementor-image-gallery\">\n\t\t\t<div id='gallery-6' class='gallery galleryid-410 gallery-columns-5 gallery-size-medium'><figure class='gallery-item'>\n\t\t\t<div class='gallery-icon landscape'>\n\t\t\t\t<a data-elementor-open-lightbox=\"yes\" data-elementor-lightbox-slideshow=\"d991adc\" data-elementor-lightbox-title=\"18_08_03_Artist in Residence_Foto Ilka Jost (9)-2\" data-e-action-hash=\"#elementor-action%3Aaction%3Dlightbox%26settings%3DeyJpZCI6NDI2LCJ1cmwiOiJodHRwczpcL1wvd3d3LnF1ZWxsZW4taG9mLmRlXC9rdWx0dXJndXQtcXVlbGxlbmhvZlwvd3AtY29udGVudFwvdXBsb2Fkc1wvMjAxOVwvMDJcLzE4XzA4XzAzX0FydGlzdC1pbi1SZXNpZGVuY2VfRm90by1JbGthLUpvc3QtOS0yLmpwZyIsInNsaWRlc2hvdyI6ImQ5OTFhZGMifQ%3D%3D\" href='https:\/\/www.quellen-hof.de\/kulturgut-quellenhof\/wp-content\/uploads\/2019\/02\/18_08_03_Artist-in-Residence_Foto-Ilka-Jost-9-2.jpg' data-lbwps-width=\"800\" data-lbwps-height=\"534\" data-lbwps-srcsmall=\"https:\/\/www.quellen-hof.de\/kulturgut-quellenhof\/wp-content\/uploads\/2019\/02\/18_08_03_Artist-in-Residence_Foto-Ilka-Jost-9-2-300x200.jpg\"><img loading=\"lazy\" decoding=\"async\" width=\"300\" height=\"200\" src=\"https:\/\/www.quellen-hof.de\/kulturgut-quellenhof\/wp-content\/uploads\/2019\/02\/18_08_03_Artist-in-Residence_Foto-Ilka-Jost-9-2-300x200.jpg\" class=\"attachment-medium size-medium\" alt=\"\" srcset=\"https:\/\/www.quellen-hof.de\/kulturgut-quellenhof\/wp-content\/uploads\/2019\/02\/18_08_03_Artist-in-Residence_Foto-Ilka-Jost-9-2-300x200.jpg 300w, https:\/\/www.quellen-hof.de\/kulturgut-quellenhof\/wp-content\/uploads\/2019\/02\/18_08_03_Artist-in-Residence_Foto-Ilka-Jost-9-2-768x513.jpg 768w, https:\/\/www.quellen-hof.de\/kulturgut-quellenhof\/wp-content\/uploads\/2019\/02\/18_08_03_Artist-in-Residence_Foto-Ilka-Jost-9-2.jpg 800w\" sizes=\"(max-width: 300px) 100vw, 300px\" \/><\/a>\n\t\t\t<\/div><\/figure><figure class='gallery-item'>\n\t\t\t<div class='gallery-icon landscape'>\n\t\t\t\t<a data-elementor-open-lightbox=\"yes\" data-elementor-lightbox-slideshow=\"d991adc\" data-elementor-lightbox-title=\"18_08_03_Artist in Residence_Foto Ilka Jost (11)-2\" data-e-action-hash=\"#elementor-action%3Aaction%3Dlightbox%26settings%3DeyJpZCI6NDI3LCJ1cmwiOiJodHRwczpcL1wvd3d3LnF1ZWxsZW4taG9mLmRlXC9rdWx0dXJndXQtcXVlbGxlbmhvZlwvd3AtY29udGVudFwvdXBsb2Fkc1wvMjAxOVwvMDJcLzE4XzA4XzAzX0FydGlzdC1pbi1SZXNpZGVuY2VfRm90by1JbGthLUpvc3QtMTEtMi5qcGciLCJzbGlkZXNob3ciOiJkOTkxYWRjIn0%3D\" href='https:\/\/www.quellen-hof.de\/kulturgut-quellenhof\/wp-content\/uploads\/2019\/02\/18_08_03_Artist-in-Residence_Foto-Ilka-Jost-11-2.jpg' data-lbwps-width=\"800\" data-lbwps-height=\"534\" data-lbwps-srcsmall=\"https:\/\/www.quellen-hof.de\/kulturgut-quellenhof\/wp-content\/uploads\/2019\/02\/18_08_03_Artist-in-Residence_Foto-Ilka-Jost-11-2-300x200.jpg\"><img loading=\"lazy\" decoding=\"async\" width=\"300\" height=\"200\" src=\"https:\/\/www.quellen-hof.de\/kulturgut-quellenhof\/wp-content\/uploads\/2019\/02\/18_08_03_Artist-in-Residence_Foto-Ilka-Jost-11-2-300x200.jpg\" class=\"attachment-medium size-medium\" alt=\"\" srcset=\"https:\/\/www.quellen-hof.de\/kulturgut-quellenhof\/wp-content\/uploads\/2019\/02\/18_08_03_Artist-in-Residence_Foto-Ilka-Jost-11-2-300x200.jpg 300w, https:\/\/www.quellen-hof.de\/kulturgut-quellenhof\/wp-content\/uploads\/2019\/02\/18_08_03_Artist-in-Residence_Foto-Ilka-Jost-11-2-768x513.jpg 768w, https:\/\/www.quellen-hof.de\/kulturgut-quellenhof\/wp-content\/uploads\/2019\/02\/18_08_03_Artist-in-Residence_Foto-Ilka-Jost-11-2.jpg 800w\" sizes=\"(max-width: 300px) 100vw, 300px\" \/><\/a>\n\t\t\t<\/div><\/figure><figure class='gallery-item'>\n\t\t\t<div class='gallery-icon landscape'>\n\t\t\t\t<a data-elementor-open-lightbox=\"yes\" data-elementor-lightbox-slideshow=\"d991adc\" data-elementor-lightbox-title=\"18_08_03_Artist in Residence_Foto Ilka Jost (12)-2\" data-e-action-hash=\"#elementor-action%3Aaction%3Dlightbox%26settings%3DeyJpZCI6NDI4LCJ1cmwiOiJodHRwczpcL1wvd3d3LnF1ZWxsZW4taG9mLmRlXC9rdWx0dXJndXQtcXVlbGxlbmhvZlwvd3AtY29udGVudFwvdXBsb2Fkc1wvMjAxOVwvMDJcLzE4XzA4XzAzX0FydGlzdC1pbi1SZXNpZGVuY2VfRm90by1JbGthLUpvc3QtMTItMi5qcGciLCJzbGlkZXNob3ciOiJkOTkxYWRjIn0%3D\" href='https:\/\/www.quellen-hof.de\/kulturgut-quellenhof\/wp-content\/uploads\/2019\/02\/18_08_03_Artist-in-Residence_Foto-Ilka-Jost-12-2.jpg' data-lbwps-width=\"800\" data-lbwps-height=\"534\" data-lbwps-srcsmall=\"https:\/\/www.quellen-hof.de\/kulturgut-quellenhof\/wp-content\/uploads\/2019\/02\/18_08_03_Artist-in-Residence_Foto-Ilka-Jost-12-2-300x200.jpg\"><img loading=\"lazy\" decoding=\"async\" width=\"300\" height=\"200\" src=\"https:\/\/www.quellen-hof.de\/kulturgut-quellenhof\/wp-content\/uploads\/2019\/02\/18_08_03_Artist-in-Residence_Foto-Ilka-Jost-12-2-300x200.jpg\" class=\"attachment-medium size-medium\" alt=\"\" srcset=\"https:\/\/www.quellen-hof.de\/kulturgut-quellenhof\/wp-content\/uploads\/2019\/02\/18_08_03_Artist-in-Residence_Foto-Ilka-Jost-12-2-300x200.jpg 300w, https:\/\/www.quellen-hof.de\/kulturgut-quellenhof\/wp-content\/uploads\/2019\/02\/18_08_03_Artist-in-Residence_Foto-Ilka-Jost-12-2-768x513.jpg 768w, https:\/\/www.quellen-hof.de\/kulturgut-quellenhof\/wp-content\/uploads\/2019\/02\/18_08_03_Artist-in-Residence_Foto-Ilka-Jost-12-2.jpg 800w\" sizes=\"(max-width: 300px) 100vw, 300px\" \/><\/a>\n\t\t\t<\/div><\/figure><figure class='gallery-item'>\n\t\t\t<div class='gallery-icon landscape'>\n\t\t\t\t<a data-elementor-open-lightbox=\"yes\" data-elementor-lightbox-slideshow=\"d991adc\" data-elementor-lightbox-title=\"18_08_03_Artist in Residence_Foto Ilka Jost (14)-2\" data-e-action-hash=\"#elementor-action%3Aaction%3Dlightbox%26settings%3DeyJpZCI6NDI5LCJ1cmwiOiJodHRwczpcL1wvd3d3LnF1ZWxsZW4taG9mLmRlXC9rdWx0dXJndXQtcXVlbGxlbmhvZlwvd3AtY29udGVudFwvdXBsb2Fkc1wvMjAxOVwvMDJcLzE4XzA4XzAzX0FydGlzdC1pbi1SZXNpZGVuY2VfRm90by1JbGthLUpvc3QtMTQtMi5qcGciLCJzbGlkZXNob3ciOiJkOTkxYWRjIn0%3D\" href='https:\/\/www.quellen-hof.de\/kulturgut-quellenhof\/wp-content\/uploads\/2019\/02\/18_08_03_Artist-in-Residence_Foto-Ilka-Jost-14-2.jpg' data-lbwps-width=\"800\" data-lbwps-height=\"534\" data-lbwps-srcsmall=\"https:\/\/www.quellen-hof.de\/kulturgut-quellenhof\/wp-content\/uploads\/2019\/02\/18_08_03_Artist-in-Residence_Foto-Ilka-Jost-14-2-300x200.jpg\"><img loading=\"lazy\" decoding=\"async\" width=\"300\" height=\"200\" src=\"https:\/\/www.quellen-hof.de\/kulturgut-quellenhof\/wp-content\/uploads\/2019\/02\/18_08_03_Artist-in-Residence_Foto-Ilka-Jost-14-2-300x200.jpg\" class=\"attachment-medium size-medium\" alt=\"\" srcset=\"https:\/\/www.quellen-hof.de\/kulturgut-quellenhof\/wp-content\/uploads\/2019\/02\/18_08_03_Artist-in-Residence_Foto-Ilka-Jost-14-2-300x200.jpg 300w, https:\/\/www.quellen-hof.de\/kulturgut-quellenhof\/wp-content\/uploads\/2019\/02\/18_08_03_Artist-in-Residence_Foto-Ilka-Jost-14-2-768x513.jpg 768w, https:\/\/www.quellen-hof.de\/kulturgut-quellenhof\/wp-content\/uploads\/2019\/02\/18_08_03_Artist-in-Residence_Foto-Ilka-Jost-14-2.jpg 800w\" sizes=\"(max-width: 300px) 100vw, 300px\" \/><\/a>\n\t\t\t<\/div><\/figure><figure class='gallery-item'>\n\t\t\t<div class='gallery-icon landscape'>\n\t\t\t\t<a data-elementor-open-lightbox=\"yes\" data-elementor-lightbox-slideshow=\"d991adc\" data-elementor-lightbox-title=\"18_08_03_Artist in Residence_Foto Ilka Jost (15)-2\" data-e-action-hash=\"#elementor-action%3Aaction%3Dlightbox%26settings%3DeyJpZCI6NDMwLCJ1cmwiOiJodHRwczpcL1wvd3d3LnF1ZWxsZW4taG9mLmRlXC9rdWx0dXJndXQtcXVlbGxlbmhvZlwvd3AtY29udGVudFwvdXBsb2Fkc1wvMjAxOVwvMDJcLzE4XzA4XzAzX0FydGlzdC1pbi1SZXNpZGVuY2VfRm90by1JbGthLUpvc3QtMTUtMi5qcGciLCJzbGlkZXNob3ciOiJkOTkxYWRjIn0%3D\" href='https:\/\/www.quellen-hof.de\/kulturgut-quellenhof\/wp-content\/uploads\/2019\/02\/18_08_03_Artist-in-Residence_Foto-Ilka-Jost-15-2.jpg' data-lbwps-width=\"800\" data-lbwps-height=\"534\" data-lbwps-srcsmall=\"https:\/\/www.quellen-hof.de\/kulturgut-quellenhof\/wp-content\/uploads\/2019\/02\/18_08_03_Artist-in-Residence_Foto-Ilka-Jost-15-2-300x200.jpg\"><img loading=\"lazy\" decoding=\"async\" width=\"300\" height=\"200\" src=\"https:\/\/www.quellen-hof.de\/kulturgut-quellenhof\/wp-content\/uploads\/2019\/02\/18_08_03_Artist-in-Residence_Foto-Ilka-Jost-15-2-300x200.jpg\" class=\"attachment-medium size-medium\" alt=\"\" srcset=\"https:\/\/www.quellen-hof.de\/kulturgut-quellenhof\/wp-content\/uploads\/2019\/02\/18_08_03_Artist-in-Residence_Foto-Ilka-Jost-15-2-300x200.jpg 300w, https:\/\/www.quellen-hof.de\/kulturgut-quellenhof\/wp-content\/uploads\/2019\/02\/18_08_03_Artist-in-Residence_Foto-Ilka-Jost-15-2-768x513.jpg 768w, https:\/\/www.quellen-hof.de\/kulturgut-quellenhof\/wp-content\/uploads\/2019\/02\/18_08_03_Artist-in-Residence_Foto-Ilka-Jost-15-2.jpg 800w\" sizes=\"(max-width: 300px) 100vw, 300px\" \/><\/a>\n\t\t\t<\/div><\/figure>\n\t\t<\/div>\n\t\t<\/div>\n\t\t\t\t\t\t<\/div>\n\t\t\t\t<\/div>\n\t\t\t\t\t<\/div>\n\t\t<\/div>\n\t\t\t\t\t<\/div>\n\t\t<\/section>\n\t\t\t\t<section class=\"elementor-section elementor-top-section elementor-element elementor-element-18a7d28 elementor-section-stretched elementor-section-boxed elementor-section-height-default elementor-section-height-default\" data-id=\"18a7d28\" data-element_type=\"section\" data-e-type=\"section\" data-settings=\"{&quot;stretch_section&quot;:&quot;section-stretched&quot;,&quot;shape_divider_bottom&quot;:&quot;wave-brush&quot;}\">\n\t\t\t\t\t<div class=\"elementor-shape elementor-shape-bottom\" aria-hidden=\"true\" data-negative=\"false\">\n\t\t\t<svg xmlns=\"http:\/\/www.w3.org\/2000\/svg\" viewBox=\"0 0 283.5 27.8\" preserveAspectRatio=\"none\">\n\t<path class=\"elementor-shape-fill\" d=\"M283.5,9.7c0,0-7.3,4.3-14,4.6c-6.8,0.3-12.6,0-20.9-1.5c-11.3-2-33.1-10.1-44.7-5.7\ts-12.1,4.6-18,7.4c-6.6,3.2-20,9.6-36.6,9.3C131.6,23.5,99.5,7.2,86.3,8c-1.4,0.1-6.6,0.8-10.5,2c-3.8,1.2-9.4,3.8-17,4.7\tc-3.2,0.4-8.3,1.1-14.2,0.9c-1.5-0.1-6.3-0.4-12-1.6c-5.7-1.2-11-3.1-15.8-3.7C6.5,9.2,0,10.8,0,10.8V0h283.5V9.7z M260.8,11.3\tc-0.7-1-2-0.4-4.3-0.4c-2.3,0-6.1-1.2-5.8-1.1c0.3,0.1,3.1,1.5,6,1.9C259.7,12.2,261.4,12.3,260.8,11.3z M242.4,8.6\tc0,0-2.4-0.2-5.6-0.9c-3.2-0.8-10.3-2.8-15.1-3.5c-8.2-1.1-15.8,0-15.1,0.1c0.8,0.1,9.6-0.6,17.6,1.1c3.3,0.7,9.3,2.2,12.4,2.7\tC239.9,8.7,242.4,8.6,242.4,8.6z M185.2,8.5c1.7-0.7-13.3,4.7-18.5,6.1c-2.1,0.6-6.2,1.6-10,2c-3.9,0.4-8.9,0.4-8.8,0.5\tc0,0.2,5.8,0.8,11.2,0c5.4-0.8,5.2-1.1,7.6-1.6C170.5,14.7,183.5,9.2,185.2,8.5z M199.1,6.9c0.2,0-0.8-0.4-4.8,1.1\tc-4,1.5-6.7,3.5-6.9,3.7c-0.2,0.1,3.5-1.8,6.6-3C197,7.5,199,6.9,199.1,6.9z M283,6c-0.1,0.1-1.9,1.1-4.8,2.5s-6.9,2.8-6.7,2.7\tc0.2,0,3.5-0.6,7.4-2.5C282.8,6.8,283.1,5.9,283,6z M31.3,11.6c0.1-0.2-1.9-0.2-4.5-1.2s-5.4-1.6-7.8-2C15,7.6,7.3,8.5,7.7,8.6\tC8,8.7,15.9,8.3,20.2,9.3c2.2,0.5,2.4,0.5,5.7,1.6S31.2,11.9,31.3,11.6z M73,9.2c0.4-0.1,3.5-1.6,8.4-2.6c4.9-1.1,8.9-0.5,8.9-0.8\tc0-0.3-1-0.9-6.2-0.3S72.6,9.3,73,9.2z M71.6,6.7C71.8,6.8,75,5.4,77.3,5c2.3-0.3,1.9-0.5,1.9-0.6c0-0.1-1.1-0.2-2.7,0.2\tC74.8,5.1,71.4,6.6,71.6,6.7z M93.6,4.4c0.1,0.2,3.5,0.8,5.6,1.8c2.1,1,1.8,0.6,1.9,0.5c0.1-0.1-0.8-0.8-2.4-1.3\tC97.1,4.8,93.5,4.2,93.6,4.4z M65.4,11.1c-0.1,0.3,0.3,0.5,1.9-0.2s2.6-1.3,2.2-1.2s-0.9,0.4-2.5,0.8C65.3,10.9,65.5,10.8,65.4,11.1\tz M34.5,12.4c-0.2,0,2.1,0.8,3.3,0.9c1.2,0.1,2,0.1,2-0.2c0-0.3-0.1-0.5-1.6-0.4C36.6,12.8,34.7,12.4,34.5,12.4z M152.2,21.1\tc-0.1,0.1-2.4-0.3-7.5-0.3c-5,0-13.6-2.4-17.2-3.5c-3.6-1.1,10,3.9,16.5,4.1C150.5,21.6,152.3,21,152.2,21.1z\"\/>\n\t<path class=\"elementor-shape-fill\" d=\"M269.6,18c-0.1-0.1-4.6,0.3-7.2,0c-7.3-0.7-17-3.2-16.6-2.9c0.4,0.3,13.7,3.1,17,3.3\tC267.7,18.8,269.7,18,269.6,18z\"\/>\n\t<path class=\"elementor-shape-fill\" d=\"M227.4,9.8c-0.2-0.1-4.5-1-9.5-1.2c-5-0.2-12.7,0.6-12.3,0.5c0.3-0.1,5.9-1.8,13.3-1.2\tS227.6,9.9,227.4,9.8z\"\/>\n\t<path class=\"elementor-shape-fill\" d=\"M204.5,13.4c-0.1-0.1,2-1,3.2-1.1c1.2-0.1,2,0,2,0.3c0,0.3-0.1,0.5-1.6,0.4\tC206.4,12.9,204.6,13.5,204.5,13.4z\"\/>\n\t<path class=\"elementor-shape-fill\" d=\"M201,10.6c0-0.1-4.4,1.2-6.3,2.2c-1.9,0.9-6.2,3.1-6.1,3.1c0.1,0.1,4.2-1.6,6.3-2.6\tS201,10.7,201,10.6z\"\/>\n\t<path class=\"elementor-shape-fill\" d=\"M154.5,26.7c-0.1-0.1-4.6,0.3-7.2,0c-7.3-0.7-17-3.2-16.6-2.9c0.4,0.3,13.7,3.1,17,3.3\tC152.6,27.5,154.6,26.8,154.5,26.7z\"\/>\n\t<path class=\"elementor-shape-fill\" d=\"M41.9,19.3c0,0,1.2-0.3,2.9-0.1c1.7,0.2,5.8,0.9,8.2,0.7c4.2-0.4,7.4-2.7,7-2.6\tc-0.4,0-4.3,2.2-8.6,1.9c-1.8-0.1-5.1-0.5-6.7-0.4S41.9,19.3,41.9,19.3z\"\/>\n\t<path class=\"elementor-shape-fill\" d=\"M75.5,12.6c0.2,0.1,2-0.8,4.3-1.1c2.3-0.2,2.1-0.3,2.1-0.5c0-0.1-1.8-0.4-3.4,0\tC76.9,11.5,75.3,12.5,75.5,12.6z\"\/>\n\t<path class=\"elementor-shape-fill\" d=\"M15.6,13.2c0-0.1,4.3,0,6.7,0.5c2.4,0.5,5,1.9,5,2c0,0.1-2.7-0.8-5.1-1.4\tC19.9,13.7,15.7,13.3,15.6,13.2z\"\/>\n<\/svg>\t\t<\/div>\n\t\t\t\t\t<div class=\"elementor-container elementor-column-gap-default\">\n\t\t\t\t\t<div class=\"elementor-column elementor-col-100 elementor-top-column elementor-element elementor-element-107ea06\" data-id=\"107ea06\" data-element_type=\"column\" data-e-type=\"column\">\n\t\t\t<div class=\"elementor-widget-wrap\">\n\t\t\t\t\t\t\t<\/div>\n\t\t<\/div>\n\t\t\t\t\t<\/div>\n\t\t<\/section>\n\t\t\t\t<\/div>\n\t\t","protected":false},"excerpt":{"rendered":"<p>\u201eArtist in residence\u201c: Neues Kunstprojekt im \u201eKulturgut Quellenhof\u201c Artist in Residence \u2013 Druckwerkstatt Garbisdorf Seit \u00fcber 30 Jahren betreibt der Heimatverein G\u00f6pfersdorf im Ortsteil Garbisdorf in Ostth\u00fcringen eine Galerie in [&hellip;]<\/p>\n","protected":false},"author":4,"featured_media":0,"parent":0,"menu_order":0,"comment_status":"closed","ping_status":"closed","template":"elementor_header_footer","meta":{"footnotes":""},"class_list":["post-410","page","type-page","status-publish","hentry"],"_links":{"self":[{"href":"https:\/\/www.quellen-hof.de\/kulturgut-quellenhof\/wp-json\/wp\/v2\/pages\/410","targetHints":{"allow":["GET"]}}],"collection":[{"href":"https:\/\/www.quellen-hof.de\/kulturgut-quellenhof\/wp-json\/wp\/v2\/pages"}],"about":[{"href":"https:\/\/www.quellen-hof.de\/kulturgut-quellenhof\/wp-json\/wp\/v2\/types\/page"}],"author":[{"embeddable":true,"href":"https:\/\/www.quellen-hof.de\/kulturgut-quellenhof\/wp-json\/wp\/v2\/users\/4"}],"replies":[{"embeddable":true,"href":"https:\/\/www.quellen-hof.de\/kulturgut-quellenhof\/wp-json\/wp\/v2\/comments?post=410"}],"version-history":[{"count":66,"href":"https:\/\/www.quellen-hof.de\/kulturgut-quellenhof\/wp-json\/wp\/v2\/pages\/410\/revisions"}],"predecessor-version":[{"id":7316,"href":"https:\/\/www.quellen-hof.de\/kulturgut-quellenhof\/wp-json\/wp\/v2\/pages\/410\/revisions\/7316"}],"wp:attachment":[{"href":"https:\/\/www.quellen-hof.de\/kulturgut-quellenhof\/wp-json\/wp\/v2\/media?parent=410"}],"curies":[{"name":"wp","href":"https:\/\/api.w.org\/{rel}","templated":true}]}}